{"id":571,"date":"2021-10-16T15:17:18","date_gmt":"2021-10-16T15:17:18","guid":{"rendered":"http:\/\/galleanosebastian.com.ar\/?page_id=571"},"modified":"2025-03-06T17:28:41","modified_gmt":"2025-03-06T16:28:41","slug":"papers","status":"publish","type":"page","link":"https:\/\/galleanosebastian.com.ar\/index.php\/papers\/","title":{"rendered":"Investigaciones Personales"},"content":{"rendered":"\t\t<div data-elementor-type=\"wp-page\" data-elementor-id=\"571\" class=\"elementor elementor-571\">\n\t\t\t\t\t\t<section class=\"elementor-section elementor-top-section elementor-element elementor-element-4a3b213 elementor-section-boxed elementor-section-height-default elementor-section-height-default\" data-id=\"4a3b213\" data-element_type=\"section\">\n\t\t\t\t\t\t<div class=\"elementor-container elementor-column-gap-default\">\n\t\t\t\t\t<div class=\"elementor-column elementor-col-100 elementor-top-column elementor-element elementor-element-0b0cb70\" data-id=\"0b0cb70\" data-element_type=\"column\">\n\t\t\t<div class=\"elementor-widget-wrap elementor-element-populated\">\n\t\t\t\t\t\t<div class=\"elementor-element elementor-element-2dd54a9 elementor-widget elementor-widget-heading\" data-id=\"2dd54a9\" data-element_type=\"widget\" data-widget_type=\"heading.default\">\n\t\t\t\t<div class=\"elementor-widget-container\">\n\t\t\t\t\t<h2 class=\"elementor-heading-title elementor-size-default\">Res\u00famenes de mis investigaciones cient\u00edficas<\/h2>\t\t\t\t<\/div>\n\t\t\t\t<\/div>\n\t\t\t\t<div class=\"elementor-element elementor-element-6b7eee4 elementor-widget elementor-widget-text-editor\" data-id=\"6b7eee4\" data-element_type=\"widget\" data-widget_type=\"text-editor.default\">\n\t\t\t\t<div class=\"elementor-widget-container\">\n\t\t\t\t\t\t\t\t\t<p data-start=\"73\" data-end=\"427\">A lo largo de mi carrera, la investigaci\u00f3n ha sido una herramienta fundamental para comprender mejor el cuerpo humano y optimizar los abordajes terap\u00e9uticos. Cada estudio, cada hallazgo, representa un paso m\u00e1s en el conocimiento aplicado a la kinesiolog\u00eda y fisiatr\u00eda. Pero la ciencia no solo se trata de descubrir, sino tambi\u00e9n de compartir y debatir.<\/p><p data-start=\"802\" data-end=\"1121\" data-is-last-node=\"\" data-is-only-node=\"\">Y si sos estudiante y est\u00e1s trabajando en tu propio proyecto de grado, tambi\u00e9n quiero acompa\u00f1arte en ese camino. A trav\u00e9s de tutor\u00edas personalizadas, podemos analizar juntos tu investigaci\u00f3n, afinar tu metodolog\u00eda y potenciar tu trabajo acad\u00e9mico. \u00bfTe sum\u00e1s a esta conversaci\u00f3n?<\/p>\t\t\t\t\t\t\t\t<\/div>\n\t\t\t\t<\/div>\n\t\t\t\t<div class=\"elementor-element elementor-element-98b89e4 elementor-widget elementor-widget-heading\" data-id=\"98b89e4\" data-element_type=\"widget\" data-widget_type=\"heading.default\">\n\t\t\t\t<div class=\"elementor-widget-container\">\n\t\t\t\t\t<h4 class=\"elementor-heading-title elementor-size-default\">Magnetoterpia<\/h4>\t\t\t\t<\/div>\n\t\t\t\t<\/div>\n\t\t\t\t<div class=\"elementor-element elementor-element-911875a elementor-widget elementor-widget-accordion\" data-id=\"911875a\" data-element_type=\"widget\" data-widget_type=\"accordion.default\">\n\t\t\t\t<div class=\"elementor-widget-container\">\n\t\t\t\t\t\t\t<div class=\"elementor-accordion\">\n\t\t\t\t\t\t\t<div class=\"elementor-accordion-item\">\n\t\t\t\t\t<div id=\"elementor-tab-title-1521\" class=\"elementor-tab-title\" data-tab=\"1\" role=\"button\" aria-controls=\"elementor-tab-content-1521\" aria-expanded=\"false\">\n\t\t\t\t\t\t\t\t\t\t\t\t\t<span class=\"elementor-accordion-icon elementor-accordion-icon-left\" aria-hidden=\"true\">\n\t\t\t\t\t\t\t\t\t\t\t\t\t\t\t<span class=\"elementor-accordion-icon-closed\"><svg class=\"e-font-icon-svg e-fas-plus\" viewBox=\"0 0 448 512\" xmlns=\"http:\/\/www.w3.org\/2000\/svg\"><path d=\"M416 208H272V64c0-17.67-14.33-32-32-32h-32c-17.67 0-32 14.33-32 32v144H32c-17.67 0-32 14.33-32 32v32c0 17.67 14.33 32 32 32h144v144c0 17.67 14.33 32 32 32h32c17.67 0 32-14.33 32-32V304h144c17.67 0 32-14.33 32-32v-32c0-17.67-14.33-32-32-32z\"><\/path><\/svg><\/span>\n\t\t\t\t\t\t\t\t<span class=\"elementor-accordion-icon-opened\"><svg class=\"e-font-icon-svg e-fas-minus\" viewBox=\"0 0 448 512\" xmlns=\"http:\/\/www.w3.org\/2000\/svg\"><path d=\"M416 208H32c-17.67 0-32 14.33-32 32v32c0 17.67 14.33 32 32 32h384c17.67 0 32-14.33 32-32v-32c0-17.67-14.33-32-32-32z\"><\/path><\/svg><\/span>\n\t\t\t\t\t\t\t\t\t\t\t\t\t\t<\/span>\n\t\t\t\t\t\t\t\t\t\t\t\t<a class=\"elementor-accordion-title\" tabindex=\"0\">Magnetoterapia, estudio retrospectivo con diferentes modelos.<\/a>\n\t\t\t\t\t<\/div>\n\t\t\t\t\t<div id=\"elementor-tab-content-1521\" class=\"elementor-tab-content elementor-clearfix\" data-tab=\"1\" role=\"region\" aria-labelledby=\"elementor-tab-title-1521\"><p data-start=\"53\" data-end=\"168\"><strong data-start=\"53\" data-end=\"166\">Eficacia de la Magnetoterapia en Pacientes con Patolog\u00edas Traumatol\u00f3gicas: Estudio Retrospectivo en 100 Casos<\/strong><\/p><p data-start=\"170\" data-end=\"722\">Este estudio retrospectivo evalu\u00f3 los efectos terap\u00e9uticos de la magnetoterapia en 100 pacientes con diversas afecciones traumatol\u00f3gicas, incluyendo esguinces, desgarros, lumbalgia, gonalgia, cervicalgia, fracturas, lesiones ligamentosas parciales y totales, heridas y quemaduras. Se utilizaron tres modelos de equipos de magnetoterapia: el <strong data-start=\"511\" data-end=\"520\">TG800<\/strong>, una camilla con cuatro bobinas grandes y flexibles de f\u00e1cil transporte; el <strong data-start=\"597\" data-end=\"606\">TG500<\/strong>, un equipo mediano con bobinas flexibles y c\u00f3modas; y el <strong data-start=\"664\" data-end=\"673\">TG400<\/strong>, una bobina m\u00e1s peque\u00f1a pero de alta potencia.<\/p><p data-start=\"724\" data-end=\"1085\">Los resultados fueron altamente favorables, evidenciando mejoras significativas en la movilidad, reducci\u00f3n del dolor, optimizaci\u00f3n del trofismo tisular y aceleraci\u00f3n del proceso de cicatrizaci\u00f3n. Adem\u00e1s, se observ\u00f3 una disminuci\u00f3n total de la inflamaci\u00f3n en la mayor\u00eda de los casos, lo que contribuy\u00f3 a una recuperaci\u00f3n m\u00e1s r\u00e1pida y efectiva de los pacientes.<\/p><p data-start=\"1087\" data-end=\"1295\" data-is-last-node=\"\" data-is-only-node=\"\">Estos hallazgos respaldan el uso de la magnetoterapia como una herramienta valiosa en el tratamiento de patolog\u00edas traumatol\u00f3gicas, destacando su eficacia en la rehabilitaci\u00f3n y el bienestar de los pacientes. <a href=\"https:\/\/api.whatsapp.com\/send?phone=541132326034\">Saber M\u00e1s&#8230;<\/a><\/p><p style=\"margin-bottom: 0cm;\">\u00a0<\/p><\/div>\n\t\t\t\t<\/div>\n\t\t\t\t\t\t\t<div class=\"elementor-accordion-item\">\n\t\t\t\t\t<div id=\"elementor-tab-title-1522\" class=\"elementor-tab-title\" data-tab=\"2\" role=\"button\" aria-controls=\"elementor-tab-content-1522\" aria-expanded=\"false\">\n\t\t\t\t\t\t\t\t\t\t\t\t\t<span class=\"elementor-accordion-icon elementor-accordion-icon-left\" aria-hidden=\"true\">\n\t\t\t\t\t\t\t\t\t\t\t\t\t\t\t<span class=\"elementor-accordion-icon-closed\"><svg class=\"e-font-icon-svg e-fas-plus\" viewBox=\"0 0 448 512\" xmlns=\"http:\/\/www.w3.org\/2000\/svg\"><path d=\"M416 208H272V64c0-17.67-14.33-32-32-32h-32c-17.67 0-32 14.33-32 32v144H32c-17.67 0-32 14.33-32 32v32c0 17.67 14.33 32 32 32h144v144c0 17.67 14.33 32 32 32h32c17.67 0 32-14.33 32-32V304h144c17.67 0 32-14.33 32-32v-32c0-17.67-14.33-32-32-32z\"><\/path><\/svg><\/span>\n\t\t\t\t\t\t\t\t<span class=\"elementor-accordion-icon-opened\"><svg class=\"e-font-icon-svg e-fas-minus\" viewBox=\"0 0 448 512\" xmlns=\"http:\/\/www.w3.org\/2000\/svg\"><path d=\"M416 208H32c-17.67 0-32 14.33-32 32v32c0 17.67 14.33 32 32 32h384c17.67 0 32-14.33 32-32v-32c0-17.67-14.33-32-32-32z\"><\/path><\/svg><\/span>\n\t\t\t\t\t\t\t\t\t\t\t\t\t\t<\/span>\n\t\t\t\t\t\t\t\t\t\t\t\t<a class=\"elementor-accordion-title\" tabindex=\"0\">Magnetoterapia parte de elementos en servicio de internaci\u00f3n domiciliaria.<\/a>\n\t\t\t\t\t<\/div>\n\t\t\t\t\t<div id=\"elementor-tab-content-1522\" class=\"elementor-tab-content elementor-clearfix\" data-tab=\"2\" role=\"region\" aria-labelledby=\"elementor-tab-title-1522\"><p data-start=\"0\" data-end=\"103\"><strong data-start=\"0\" data-end=\"101\">Uso de la Magnetoterapia en Internaci\u00f3n Domiciliaria: Evaluaci\u00f3n del Equipo TG800 en 30 Pacientes<\/strong><\/p><p data-start=\"105\" data-end=\"426\">Este estudio retrospectivo analiz\u00f3 la efectividad del equipo de magnetoterapia <strong data-start=\"184\" data-end=\"193\">TG800<\/strong>, una camilla compuesta por cuatro bobinas grandes y flexibles, en un grupo de 30 pacientes en internaci\u00f3n domiciliaria. Los resultados fueron altamente positivos, destacando la practicidad del equipo y sus beneficios terap\u00e9uticos.<\/p><p data-start=\"428\" data-end=\"885\">La aplicaci\u00f3n del <strong data-start=\"446\" data-end=\"455\">TG800<\/strong> demostr\u00f3 ser una herramienta valiosa en el cuidado domiciliario, contribuyendo significativamente a la mejora de la circulaci\u00f3n perif\u00e9rica, la prevenci\u00f3n de alteraciones vasculares y procesos inflamatorios, y evitando lesiones por dec\u00fabito obligado. Adem\u00e1s, se observ\u00f3 una optimizaci\u00f3n del trofismo tisular, reducci\u00f3n de lesiones cut\u00e1neas y un impacto favorable en los valores sangu\u00edneos, disminuyendo el riesgo de infecciones.<\/p><p data-start=\"887\" data-end=\"1087\" data-is-last-node=\"\" data-is-only-node=\"\">Dada su facilidad de uso y efectividad, se sugiere la implementaci\u00f3n de camillas de magnetoterapia en internaci\u00f3n domiciliaria, siempre bajo la observaci\u00f3n y seguimiento de un profesional de la salud. <a href=\"https:\/\/api.whatsapp.com\/send?phone=541132326034\">Saber M\u00e1s&#8230;<\/a><\/p><\/div>\n\t\t\t\t<\/div>\n\t\t\t\t\t\t\t<div class=\"elementor-accordion-item\">\n\t\t\t\t\t<div id=\"elementor-tab-title-1523\" class=\"elementor-tab-title\" data-tab=\"3\" role=\"button\" aria-controls=\"elementor-tab-content-1523\" aria-expanded=\"false\">\n\t\t\t\t\t\t\t\t\t\t\t\t\t<span class=\"elementor-accordion-icon elementor-accordion-icon-left\" aria-hidden=\"true\">\n\t\t\t\t\t\t\t\t\t\t\t\t\t\t\t<span class=\"elementor-accordion-icon-closed\"><svg class=\"e-font-icon-svg e-fas-plus\" viewBox=\"0 0 448 512\" xmlns=\"http:\/\/www.w3.org\/2000\/svg\"><path d=\"M416 208H272V64c0-17.67-14.33-32-32-32h-32c-17.67 0-32 14.33-32 32v144H32c-17.67 0-32 14.33-32 32v32c0 17.67 14.33 32 32 32h144v144c0 17.67 14.33 32 32 32h32c17.67 0 32-14.33 32-32V304h144c17.67 0 32-14.33 32-32v-32c0-17.67-14.33-32-32-32z\"><\/path><\/svg><\/span>\n\t\t\t\t\t\t\t\t<span class=\"elementor-accordion-icon-opened\"><svg class=\"e-font-icon-svg e-fas-minus\" viewBox=\"0 0 448 512\" xmlns=\"http:\/\/www.w3.org\/2000\/svg\"><path d=\"M416 208H32c-17.67 0-32 14.33-32 32v32c0 17.67 14.33 32 32 32h384c17.67 0 32-14.33 32-32v-32c0-17.67-14.33-32-32-32z\"><\/path><\/svg><\/span>\n\t\t\t\t\t\t\t\t\t\t\t\t\t\t<\/span>\n\t\t\t\t\t\t\t\t\t\t\t\t<a class=\"elementor-accordion-title\" tabindex=\"0\">Magnetoterapia para volver a la calma<\/a>\n\t\t\t\t\t<\/div>\n\t\t\t\t\t<div id=\"elementor-tab-content-1523\" class=\"elementor-tab-content elementor-clearfix\" data-tab=\"3\" role=\"region\" aria-labelledby=\"elementor-tab-title-1523\"><p data-start=\"0\" data-end=\"102\"><strong data-start=\"0\" data-end=\"100\">Efectos de la Magnetoterapia TG800 en la Vuelta a la Calma de Deportistas: Estudio en 50 Atletas<\/strong><\/p><p data-start=\"104\" data-end=\"359\">Este estudio evalu\u00f3 la eficacia del equipo de magnetoterapia <strong data-start=\"165\" data-end=\"174\">TG800<\/strong>, una camilla con cuatro bobinas grandes y flexibles, en la optimizaci\u00f3n de la vuelta a la calma post-entrenamiento en 50 deportistas, incluyendo 35 amateurs y 15 de alta competencia.<\/p><p data-start=\"361\" data-end=\"823\">Los resultados demostraron una mejora significativa en los signos y s\u00edntomas cl\u00ednicos asociados a una recuperaci\u00f3n adecuada, tales como la disminuci\u00f3n progresiva de la frecuencia card\u00edaca, la reducci\u00f3n de la presi\u00f3n arterial, la relajaci\u00f3n muscular y la regulaci\u00f3n de la temperatura corporal. Adem\u00e1s, se observ\u00f3 una respiraci\u00f3n m\u00e1s pausada y profunda, reducci\u00f3n de la sudoraci\u00f3n, menor fatiga, disminuci\u00f3n de la tensi\u00f3n muscular y ausencia de mareos o v\u00e9rtigo.<\/p><p data-start=\"825\" data-end=\"1302\">Entre los beneficios destacados del uso del <strong data-start=\"869\" data-end=\"878\">TG800<\/strong> en la vuelta a la calma se encontr\u00f3 la reducci\u00f3n del riesgo de lesiones, prevenci\u00f3n de mareos y desmayos, eliminaci\u00f3n m\u00e1s eficiente del \u00e1cido l\u00e1ctico, disminuci\u00f3n de la fatiga muscular y regulaci\u00f3n del sistema cardiovascular. Asimismo, se evidenci\u00f3 una relajaci\u00f3n del sistema nervioso, una mejora del bienestar mental y una optimizaci\u00f3n en la recuperaci\u00f3n muscular, lo que favorece el rendimiento deportivo a largo plazo.<\/p><p data-start=\"1304\" data-end=\"1494\" data-is-last-node=\"\" data-is-only-node=\"\">Estos hallazgos respaldan la implementaci\u00f3n de la magnetoterapia en la rutina de recuperaci\u00f3n de los deportistas, contribuyendo a un proceso de vuelta a la calma m\u00e1s eficiente y beneficioso. <a href=\"https:\/\/api.whatsapp.com\/send?phone=541132326034\">Saber M\u00e1s&#8230;<\/a><\/p><\/div>\n\t\t\t\t<\/div>\n\t\t\t\t\t\t\t<div class=\"elementor-accordion-item\">\n\t\t\t\t\t<div id=\"elementor-tab-title-1524\" class=\"elementor-tab-title\" data-tab=\"4\" role=\"button\" aria-controls=\"elementor-tab-content-1524\" aria-expanded=\"false\">\n\t\t\t\t\t\t\t\t\t\t\t\t\t<span class=\"elementor-accordion-icon elementor-accordion-icon-left\" aria-hidden=\"true\">\n\t\t\t\t\t\t\t\t\t\t\t\t\t\t\t<span class=\"elementor-accordion-icon-closed\"><svg class=\"e-font-icon-svg e-fas-plus\" viewBox=\"0 0 448 512\" xmlns=\"http:\/\/www.w3.org\/2000\/svg\"><path d=\"M416 208H272V64c0-17.67-14.33-32-32-32h-32c-17.67 0-32 14.33-32 32v144H32c-17.67 0-32 14.33-32 32v32c0 17.67 14.33 32 32 32h144v144c0 17.67 14.33 32 32 32h32c17.67 0 32-14.33 32-32V304h144c17.67 0 32-14.33 32-32v-32c0-17.67-14.33-32-32-32z\"><\/path><\/svg><\/span>\n\t\t\t\t\t\t\t\t<span class=\"elementor-accordion-icon-opened\"><svg class=\"e-font-icon-svg e-fas-minus\" viewBox=\"0 0 448 512\" xmlns=\"http:\/\/www.w3.org\/2000\/svg\"><path d=\"M416 208H32c-17.67 0-32 14.33-32 32v32c0 17.67 14.33 32 32 32h384c17.67 0 32-14.33 32-32v-32c0-17.67-14.33-32-32-32z\"><\/path><\/svg><\/span>\n\t\t\t\t\t\t\t\t\t\t\t\t\t\t<\/span>\n\t\t\t\t\t\t\t\t\t\t\t\t<a class=\"elementor-accordion-title\" tabindex=\"0\">Magnetoterapia como preparaci\u00f3n deportiva.<\/a>\n\t\t\t\t\t<\/div>\n\t\t\t\t\t<div id=\"elementor-tab-content-1524\" class=\"elementor-tab-content elementor-clearfix\" data-tab=\"4\" role=\"region\" aria-labelledby=\"elementor-tab-title-1524\"><p data-start=\"0\" data-end=\"113\"><strong data-start=\"0\" data-end=\"111\">Efectos de la Magnetoterapia TG800 en la Entrada en Calor de Deportistas: Estudio Comparativo en 60 Atletas<\/strong><\/p><p data-start=\"115\" data-end=\"499\">Este estudio evalu\u00f3 el impacto de la magnetoterapia <strong data-start=\"167\" data-end=\"176\">TG800<\/strong> en la entrada en calor de <strong data-start=\"203\" data-end=\"221\">60 deportistas<\/strong> de entre <strong data-start=\"231\" data-end=\"247\">20 y 35 a\u00f1os<\/strong>, divididos en dos grupos. Ambos grupos incluyeron <strong data-start=\"298\" data-end=\"344\">deportistas amateurs y de alto rendimiento<\/strong>, pero solo a uno de ellos se le aplic\u00f3 magnetoterapia antes del ejercicio, mientras que el otro grupo realiz\u00f3 su entrada en calor sin esta intervenci\u00f3n.<\/p><p data-start=\"501\" data-end=\"1074\">Los resultados mostraron que los deportistas que utilizaron magnetoterapia experimentaron una <strong data-start=\"595\" data-end=\"640\">mejor activaci\u00f3n muscular y neuromuscular<\/strong>, con un aumento progresivo y m\u00e1s eficiente de la temperatura corporal y una mejor circulaci\u00f3n sangu\u00ednea. Se evidenci\u00f3 una mayor oxigenaci\u00f3n de los m\u00fasculos, lo que favoreci\u00f3 la coordinaci\u00f3n, la respuesta motora y la sensaci\u00f3n de preparaci\u00f3n f\u00edsica. Adem\u00e1s, este grupo report\u00f3 <strong data-start=\"917\" data-end=\"994\">menor tensi\u00f3n muscular y una reducci\u00f3n en la percepci\u00f3n de fatiga inicial<\/strong>, lo que facilit\u00f3 un inicio de la actividad con mayor comodidad y rendimiento.<\/p><p data-start=\"1076\" data-end=\"1389\">Por otro lado, el grupo sin magnetoterapia mostr\u00f3 una activaci\u00f3n m\u00e1s lenta y una mayor sensaci\u00f3n de rigidez muscular en los primeros minutos de la actividad. Tambi\u00e9n se observ\u00f3 un <strong data-start=\"1256\" data-end=\"1326\">ligero incremento en la incidencia de molestias musculares menores<\/strong>, especialmente en los deportistas con alta exigencia f\u00edsica.<\/p><p data-start=\"1391\" data-end=\"1685\" data-is-last-node=\"\" data-is-only-node=\"\">Los hallazgos de este estudio respaldan el uso de la magnetoterapia <strong data-start=\"1459\" data-end=\"1468\">TG800<\/strong> como una herramienta eficaz para <strong data-start=\"1502\" data-end=\"1535\">optimizar la entrada en calor<\/strong>, contribuyendo a una mejor preparaci\u00f3n f\u00edsica y mental, reduciendo el riesgo de lesiones y favoreciendo el rendimiento desde el inicio del ejercicio. <a href=\"https:\/\/api.whatsapp.com\/send?phone=541132326034\">Saber M\u00e1s&#8230;<\/a><\/p><\/div>\n\t\t\t\t<\/div>\n\t\t\t\t\t\t\t\t<\/div>\n\t\t\t\t\t\t<\/div>\n\t\t\t\t<\/div>\n\t\t\t\t<div class=\"elementor-element elementor-element-e8b1a4a elementor-widget elementor-widget-spacer\" data-id=\"e8b1a4a\" data-element_type=\"widget\" data-widget_type=\"spacer.default\">\n\t\t\t\t<div class=\"elementor-widget-container\">\n\t\t\t\t\t\t\t<div class=\"elementor-spacer\">\n\t\t\t<div class=\"elementor-spacer-inner\"><\/div>\n\t\t<\/div>\n\t\t\t\t\t\t<\/div>\n\t\t\t\t<\/div>\n\t\t\t\t<div class=\"elementor-element elementor-element-428f2c5 elementor-widget elementor-widget-heading\" data-id=\"428f2c5\" data-element_type=\"widget\" data-widget_type=\"heading.default\">\n\t\t\t\t<div class=\"elementor-widget-container\">\n\t\t\t\t\t<h4 class=\"elementor-heading-title elementor-size-default\">Electroeterapia<\/h4>\t\t\t\t<\/div>\n\t\t\t\t<\/div>\n\t\t\t\t<div class=\"elementor-element elementor-element-ed12e5f elementor-widget elementor-widget-accordion\" data-id=\"ed12e5f\" data-element_type=\"widget\" data-widget_type=\"accordion.default\">\n\t\t\t\t<div class=\"elementor-widget-container\">\n\t\t\t\t\t\t\t<div class=\"elementor-accordion\">\n\t\t\t\t\t\t\t<div class=\"elementor-accordion-item\">\n\t\t\t\t\t<div id=\"elementor-tab-title-2481\" class=\"elementor-tab-title\" data-tab=\"1\" role=\"button\" aria-controls=\"elementor-tab-content-2481\" aria-expanded=\"false\">\n\t\t\t\t\t\t\t\t\t\t\t\t\t<span class=\"elementor-accordion-icon elementor-accordion-icon-left\" aria-hidden=\"true\">\n\t\t\t\t\t\t\t\t\t\t\t\t\t\t\t<span class=\"elementor-accordion-icon-closed\"><svg class=\"e-font-icon-svg e-fas-plus\" viewBox=\"0 0 448 512\" xmlns=\"http:\/\/www.w3.org\/2000\/svg\"><path d=\"M416 208H272V64c0-17.67-14.33-32-32-32h-32c-17.67 0-32 14.33-32 32v144H32c-17.67 0-32 14.33-32 32v32c0 17.67 14.33 32 32 32h144v144c0 17.67 14.33 32 32 32h32c17.67 0 32-14.33 32-32V304h144c17.67 0 32-14.33 32-32v-32c0-17.67-14.33-32-32-32z\"><\/path><\/svg><\/span>\n\t\t\t\t\t\t\t\t<span class=\"elementor-accordion-icon-opened\"><svg class=\"e-font-icon-svg e-fas-minus\" viewBox=\"0 0 448 512\" xmlns=\"http:\/\/www.w3.org\/2000\/svg\"><path d=\"M416 208H32c-17.67 0-32 14.33-32 32v32c0 17.67 14.33 32 32 32h384c17.67 0 32-14.33 32-32v-32c0-17.67-14.33-32-32-32z\"><\/path><\/svg><\/span>\n\t\t\t\t\t\t\t\t\t\t\t\t\t\t<\/span>\n\t\t\t\t\t\t\t\t\t\t\t\t<a class=\"elementor-accordion-title\" tabindex=\"0\">Electroestimulaci\u00f3n para activaci\u00f3n muscular precompetitiva<\/a>\n\t\t\t\t\t<\/div>\n\t\t\t\t\t<div id=\"elementor-tab-content-2481\" class=\"elementor-tab-content elementor-clearfix\" data-tab=\"1\" role=\"region\" aria-labelledby=\"elementor-tab-title-2481\"><p data-start=\"0\" data-end=\"108\"><strong data-start=\"0\" data-end=\"106\">Efectos de la Electroestimulaci\u00f3n en la Activaci\u00f3n Muscular Precompetitiva: Estudio en 100 Deportistas<\/strong><\/p><p data-start=\"110\" data-end=\"592\">Este estudio evalu\u00f3 los efectos de la <strong data-start=\"148\" data-end=\"171\">electroestimulaci\u00f3n<\/strong> en la activaci\u00f3n muscular precompetitiva en <strong data-start=\"216\" data-end=\"235\">100 deportistas<\/strong> de entre <strong data-start=\"245\" data-end=\"261\">25 y 45 a\u00f1os<\/strong>, divididos en dos grupos. El grupo de <strong data-start=\"300\" data-end=\"310\">prueba<\/strong> recibi\u00f3 electroestimulaci\u00f3n para la activaci\u00f3n de los m\u00fasculos de <strong data-start=\"377\" data-end=\"413\">miembros superiores e inferiores<\/strong>, con aplicaciones breves en segmentos musculares espec\u00edficos antes de la competencia, mientras que el otro grupo realiz\u00f3 su entrada en calor sin ninguna intervenci\u00f3n adicional.<\/p><p data-start=\"594\" data-end=\"1183\">Los resultados mostraron que los deportistas del grupo de prueba, que utilizaron la electroestimulaci\u00f3n, experimentaron una <strong data-start=\"718\" data-end=\"755\">activaci\u00f3n muscular m\u00e1s eficiente<\/strong> y r\u00e1pida, lo que permiti\u00f3 una mejor preparaci\u00f3n para el esfuerzo f\u00edsico. Se observ\u00f3 una <strong data-start=\"844\" data-end=\"873\">mejor coordinaci\u00f3n motora<\/strong>, un <strong data-start=\"878\" data-end=\"937\">aumento en la sensaci\u00f3n de fuerza y activaci\u00f3n muscular<\/strong>, y una mayor <strong data-start=\"951\" data-end=\"993\">sensibilidad a la contracci\u00f3n muscular<\/strong>, lo que contribuy\u00f3 a un inicio de la competencia con un rendimiento optimizado. Adem\u00e1s, los deportistas reportaron <strong data-start=\"1109\" data-end=\"1139\">menor percepci\u00f3n de fatiga<\/strong> en los primeros momentos de la actividad.<\/p><p data-start=\"1185\" data-end=\"1515\">En el grupo sin electroestimulaci\u00f3n, aunque la entrada en calor fue adecuada, los participantes mostraron un <strong data-start=\"1294\" data-end=\"1316\">inicio m\u00e1s gradual<\/strong> de la activaci\u00f3n muscular y, en algunos casos, una ligera <strong data-start=\"1375\" data-end=\"1395\">rigidez muscular<\/strong> al principio de la competencia. La respuesta neuromuscular fue menos inmediata en comparaci\u00f3n con el grupo de prueba.<\/p><p data-start=\"1517\" data-end=\"1817\" data-is-last-node=\"\" data-is-only-node=\"\">Este estudio demuestra que la electroestimulaci\u00f3n puede ser una herramienta <strong data-start=\"1593\" data-end=\"1603\">eficaz<\/strong> para mejorar la activaci\u00f3n muscular <strong data-start=\"1640\" data-end=\"1658\">precompetitiva<\/strong>, optimizando la preparaci\u00f3n f\u00edsica y mental de los deportistas, reduciendo el riesgo de lesiones y mejorando el rendimiento desde el inicio de la competencia. <a href=\"https:\/\/api.whatsapp.com\/send?phone=541132326034\">Saber M\u00e1s&#8230;<\/a><\/p><p style=\"margin-bottom: 0cm;\">\u00a0<\/p><\/div>\n\t\t\t\t<\/div>\n\t\t\t\t\t\t\t<div class=\"elementor-accordion-item\">\n\t\t\t\t\t<div id=\"elementor-tab-title-2482\" class=\"elementor-tab-title\" data-tab=\"2\" role=\"button\" aria-controls=\"elementor-tab-content-2482\" aria-expanded=\"false\">\n\t\t\t\t\t\t\t\t\t\t\t\t\t<span class=\"elementor-accordion-icon elementor-accordion-icon-left\" aria-hidden=\"true\">\n\t\t\t\t\t\t\t\t\t\t\t\t\t\t\t<span class=\"elementor-accordion-icon-closed\"><svg class=\"e-font-icon-svg e-fas-plus\" viewBox=\"0 0 448 512\" xmlns=\"http:\/\/www.w3.org\/2000\/svg\"><path d=\"M416 208H272V64c0-17.67-14.33-32-32-32h-32c-17.67 0-32 14.33-32 32v144H32c-17.67 0-32 14.33-32 32v32c0 17.67 14.33 32 32 32h144v144c0 17.67 14.33 32 32 32h32c17.67 0 32-14.33 32-32V304h144c17.67 0 32-14.33 32-32v-32c0-17.67-14.33-32-32-32z\"><\/path><\/svg><\/span>\n\t\t\t\t\t\t\t\t<span class=\"elementor-accordion-icon-opened\"><svg class=\"e-font-icon-svg e-fas-minus\" viewBox=\"0 0 448 512\" xmlns=\"http:\/\/www.w3.org\/2000\/svg\"><path d=\"M416 208H32c-17.67 0-32 14.33-32 32v32c0 17.67 14.33 32 32 32h384c17.67 0 32-14.33 32-32v-32c0-17.67-14.33-32-32-32z\"><\/path><\/svg><\/span>\n\t\t\t\t\t\t\t\t\t\t\t\t\t\t<\/span>\n\t\t\t\t\t\t\t\t\t\t\t\t<a class=\"elementor-accordion-title\" tabindex=\"0\">Electroestimulaci\u00f3n como complemento post entrenamiento<\/a>\n\t\t\t\t\t<\/div>\n\t\t\t\t\t<div id=\"elementor-tab-content-2482\" class=\"elementor-tab-content elementor-clearfix\" data-tab=\"2\" role=\"region\" aria-labelledby=\"elementor-tab-title-2482\"><p data-start=\"0\" data-end=\"121\"><strong data-start=\"0\" data-end=\"119\">Efectos de la Electroestimulaci\u00f3n en la Vuelta a la Calma de Deportistas de Alto Rendimiento: Estudio en 40 Atletas<\/strong><\/p><p data-start=\"123\" data-end=\"580\">Este estudio evalu\u00f3 los efectos de la <strong data-start=\"161\" data-end=\"184\">electroestimulaci\u00f3n<\/strong> en la <strong data-start=\"191\" data-end=\"212\">vuelta a la calma<\/strong> en <strong data-start=\"216\" data-end=\"254\">40 deportistas de alto rendimiento<\/strong> de entre <strong data-start=\"264\" data-end=\"280\">20 y 30 a\u00f1os<\/strong>, divididos en dos grupos. El grupo de <strong data-start=\"319\" data-end=\"329\">prueba<\/strong> recibi\u00f3 electroestimulaci\u00f3n en <strong data-start=\"361\" data-end=\"397\">miembros inferiores y superiores<\/strong>, con aplicaciones de <strong data-start=\"419\" data-end=\"451\">5 minutos por grupo muscular<\/strong>, mientras que el grupo de <strong data-start=\"478\" data-end=\"489\">control<\/strong> realiz\u00f3 su vuelta a la calma de manera convencional, sin ninguna intervenci\u00f3n adicional.<\/p><p data-start=\"582\" data-end=\"1077\">Los resultados mostraron mejoras significativas en el grupo de prueba. La <strong data-start=\"656\" data-end=\"712\">electroestimulaci\u00f3n favoreci\u00f3 la relajaci\u00f3n muscular<\/strong> y facilit\u00f3 la <strong data-start=\"727\" data-end=\"774\">disminuci\u00f3n de la tensi\u00f3n muscular residual<\/strong>, contribuyendo a una <strong data-start=\"796\" data-end=\"823\">recuperaci\u00f3n m\u00e1s r\u00e1pida<\/strong>. Adem\u00e1s, se observ\u00f3 una <strong data-start=\"848\" data-end=\"894\">reducci\u00f3n del dolor muscular post-esfuerzo<\/strong>, un <strong data-start=\"899\" data-end=\"944\">mejor retorno de la circulaci\u00f3n sangu\u00ednea<\/strong> y una mayor <strong data-start=\"957\" data-end=\"997\">eliminaci\u00f3n de productos metab\u00f3licos<\/strong> como el \u00e1cido l\u00e1ctico, lo que favoreci\u00f3 la disminuci\u00f3n de la fatiga muscular.<\/p><p data-start=\"1079\" data-end=\"1321\">Los deportistas del grupo de control, aunque tambi\u00e9n mostraron una mejora en su recuperaci\u00f3n, experimentaron una vuelta a la calma menos eficiente, con mayor rigidez muscular y una sensaci\u00f3n de mayor <strong data-start=\"1279\" data-end=\"1301\">fatiga persistente<\/strong> tras el esfuerzo.<\/p><p data-start=\"1323\" data-end=\"1653\" data-is-last-node=\"\" data-is-only-node=\"\">Este estudio demuestra que la <strong data-start=\"1353\" data-end=\"1376\">electroestimulaci\u00f3n<\/strong> aplicada durante la vuelta a la calma es una herramienta eficaz para <strong data-start=\"1446\" data-end=\"1475\">optimizar la recuperaci\u00f3n<\/strong>, mejorar la circulaci\u00f3n y reducir la fatiga post-entrenamiento, resultando en una recuperaci\u00f3n m\u00e1s r\u00e1pida y efectiva, con efectos beneficiosos para el rendimiento a largo plazo. <a href=\"https:\/\/api.whatsapp.com\/send?phone=541132326034\">Saber M\u00e1s&#8230;<\/a><\/p><\/div>\n\t\t\t\t<\/div>\n\t\t\t\t\t\t\t<div class=\"elementor-accordion-item\">\n\t\t\t\t\t<div id=\"elementor-tab-title-2483\" class=\"elementor-tab-title\" data-tab=\"3\" role=\"button\" aria-controls=\"elementor-tab-content-2483\" aria-expanded=\"false\">\n\t\t\t\t\t\t\t\t\t\t\t\t\t<span class=\"elementor-accordion-icon elementor-accordion-icon-left\" aria-hidden=\"true\">\n\t\t\t\t\t\t\t\t\t\t\t\t\t\t\t<span class=\"elementor-accordion-icon-closed\"><svg class=\"e-font-icon-svg e-fas-plus\" viewBox=\"0 0 448 512\" xmlns=\"http:\/\/www.w3.org\/2000\/svg\"><path d=\"M416 208H272V64c0-17.67-14.33-32-32-32h-32c-17.67 0-32 14.33-32 32v144H32c-17.67 0-32 14.33-32 32v32c0 17.67 14.33 32 32 32h144v144c0 17.67 14.33 32 32 32h32c17.67 0 32-14.33 32-32V304h144c17.67 0 32-14.33 32-32v-32c0-17.67-14.33-32-32-32z\"><\/path><\/svg><\/span>\n\t\t\t\t\t\t\t\t<span class=\"elementor-accordion-icon-opened\"><svg class=\"e-font-icon-svg e-fas-minus\" viewBox=\"0 0 448 512\" xmlns=\"http:\/\/www.w3.org\/2000\/svg\"><path d=\"M416 208H32c-17.67 0-32 14.33-32 32v32c0 17.67 14.33 32 32 32h384c17.67 0 32-14.33 32-32v-32c0-17.67-14.33-32-32-32z\"><\/path><\/svg><\/span>\n\t\t\t\t\t\t\t\t\t\t\t\t\t\t<\/span>\n\t\t\t\t\t\t\t\t\t\t\t\t<a class=\"elementor-accordion-title\" tabindex=\"0\">Electroestimulaci\u00f3n como entrenamiento pasivo en personas sedentarias.<\/a>\n\t\t\t\t\t<\/div>\n\t\t\t\t\t<div id=\"elementor-tab-content-2483\" class=\"elementor-tab-content elementor-clearfix\" data-tab=\"3\" role=\"region\" aria-labelledby=\"elementor-tab-title-2483\"><p data-start=\"0\" data-end=\"137\"><strong data-start=\"0\" data-end=\"137\">Efectos de la Electroestimulaci\u00f3n Muscular (EMS) en la Condici\u00f3n F\u00edsica de Personas Sedentarias: Estudio en Pacientes de 30 a 45 A\u00f1os<\/strong><\/p><p data-start=\"139\" data-end=\"420\">Este estudio evalu\u00f3 los efectos de la <strong data-start=\"177\" data-end=\"215\">electroestimulaci\u00f3n muscular (EMS)<\/strong> en la condici\u00f3n f\u00edsica de <strong data-start=\"242\" data-end=\"270\">50 pacientes sedentarios<\/strong> de entre <strong data-start=\"280\" data-end=\"296\">30 y 45 a\u00f1os<\/strong>, divididos en dos grupos: un grupo de intervenci\u00f3n que recibi\u00f3 EMS y un grupo control que no recibi\u00f3 ninguna intervenci\u00f3n.<\/p><p data-start=\"422\" data-end=\"979\">Los resultados mostraron que la <strong data-start=\"454\" data-end=\"477\">electroestimulaci\u00f3n<\/strong> favoreci\u00f3 significativamente la <strong data-start=\"510\" data-end=\"535\">circulaci\u00f3n sangu\u00ednea<\/strong>, mejor\u00f3 el <strong data-start=\"547\" data-end=\"564\">tono muscular<\/strong>, increment\u00f3 la <strong data-start=\"580\" data-end=\"596\">flexibilidad<\/strong> y redujo la <strong data-start=\"609\" data-end=\"628\">fatiga muscular<\/strong>. Tambi\u00e9n se observ\u00f3 una mejora en los niveles de <strong data-start=\"678\" data-end=\"689\">energ\u00eda<\/strong> y en el <strong data-start=\"698\" data-end=\"718\">estado emocional<\/strong>, contribuyendo a una mayor disposici\u00f3n para realizar actividades f\u00edsicas. Adem\u00e1s, se verific\u00f3 que la EMS redujo la rigidez muscular y favoreci\u00f3 una recuperaci\u00f3n m\u00e1s r\u00e1pida, ayudando a los pacientes sedentarios a mejorar su capacidad f\u00edsica y bienestar general.<\/p><p data-start=\"981\" data-end=\"1352\" data-is-last-node=\"\" data-is-only-node=\"\">En comparaci\u00f3n con el grupo control, los pacientes que recibieron electroestimulaci\u00f3n mostraron <strong data-start=\"1077\" data-end=\"1097\">mejoras notables<\/strong> en las mediciones de <strong data-start=\"1119\" data-end=\"1136\">tono muscular<\/strong>, <strong data-start=\"1138\" data-end=\"1163\">circulaci\u00f3n sangu\u00ednea<\/strong> y <strong data-start=\"1166\" data-end=\"1186\">estado emocional<\/strong>, lo que respalda la eficacia de la EMS como herramienta complementaria para mejorar la condici\u00f3n f\u00edsica y la calidad de vida en personas sedentarias de mediana edad. <a href=\"https:\/\/api.whatsapp.com\/send?phone=541132326034\">Saber M\u00e1s&#8230;<\/a><\/p><\/div>\n\t\t\t\t<\/div>\n\t\t\t\t\t\t\t\t<\/div>\n\t\t\t\t\t\t<\/div>\n\t\t\t\t<\/div>\n\t\t\t\t<div class=\"elementor-element elementor-element-5fc9590 elementor-widget elementor-widget-spacer\" data-id=\"5fc9590\" data-element_type=\"widget\" data-widget_type=\"spacer.default\">\n\t\t\t\t<div class=\"elementor-widget-container\">\n\t\t\t\t\t\t\t<div class=\"elementor-spacer\">\n\t\t\t<div class=\"elementor-spacer-inner\"><\/div>\n\t\t<\/div>\n\t\t\t\t\t\t<\/div>\n\t\t\t\t<\/div>\n\t\t\t\t<div class=\"elementor-element elementor-element-0aa930b elementor-widget elementor-widget-heading\" data-id=\"0aa930b\" data-element_type=\"widget\" data-widget_type=\"heading.default\">\n\t\t\t\t<div class=\"elementor-widget-container\">\n\t\t\t\t\t<h4 class=\"elementor-heading-title elementor-size-default\">Postura<\/h4>\t\t\t\t<\/div>\n\t\t\t\t<\/div>\n\t\t\t\t<div class=\"elementor-element elementor-element-d6d1e43 elementor-widget elementor-widget-accordion\" data-id=\"d6d1e43\" data-element_type=\"widget\" data-widget_type=\"accordion.default\">\n\t\t\t\t<div class=\"elementor-widget-container\">\n\t\t\t\t\t\t\t<div class=\"elementor-accordion\">\n\t\t\t\t\t\t\t<div class=\"elementor-accordion-item\">\n\t\t\t\t\t<div id=\"elementor-tab-title-2251\" class=\"elementor-tab-title\" data-tab=\"1\" role=\"button\" aria-controls=\"elementor-tab-content-2251\" aria-expanded=\"false\">\n\t\t\t\t\t\t\t\t\t\t\t\t\t<span class=\"elementor-accordion-icon elementor-accordion-icon-left\" aria-hidden=\"true\">\n\t\t\t\t\t\t\t\t\t\t\t\t\t\t\t<span class=\"elementor-accordion-icon-closed\"><svg class=\"e-font-icon-svg e-fas-plus\" viewBox=\"0 0 448 512\" xmlns=\"http:\/\/www.w3.org\/2000\/svg\"><path d=\"M416 208H272V64c0-17.67-14.33-32-32-32h-32c-17.67 0-32 14.33-32 32v144H32c-17.67 0-32 14.33-32 32v32c0 17.67 14.33 32 32 32h144v144c0 17.67 14.33 32 32 32h32c17.67 0 32-14.33 32-32V304h144c17.67 0 32-14.33 32-32v-32c0-17.67-14.33-32-32-32z\"><\/path><\/svg><\/span>\n\t\t\t\t\t\t\t\t<span class=\"elementor-accordion-icon-opened\"><svg class=\"e-font-icon-svg e-fas-minus\" viewBox=\"0 0 448 512\" xmlns=\"http:\/\/www.w3.org\/2000\/svg\"><path d=\"M416 208H32c-17.67 0-32 14.33-32 32v32c0 17.67 14.33 32 32 32h384c17.67 0 32-14.33 32-32v-32c0-17.67-14.33-32-32-32z\"><\/path><\/svg><\/span>\n\t\t\t\t\t\t\t\t\t\t\t\t\t\t<\/span>\n\t\t\t\t\t\t\t\t\t\t\t\t<a class=\"elementor-accordion-title\" tabindex=\"0\">Valorar el rendimiento del RPG y el complemento muscular pacientes con lumbalgias.<\/a>\n\t\t\t\t\t<\/div>\n\t\t\t\t\t<div id=\"elementor-tab-content-2251\" class=\"elementor-tab-content elementor-clearfix\" data-tab=\"1\" role=\"region\" aria-labelledby=\"elementor-tab-title-2251\"><h5 data-start=\"0\" data-end=\"94\"><strong data-start=\"4\" data-end=\"94\">Estudio Retrospectivo sobre Tratamientos de Lumbalgia en Pacientes J\u00f3venes<\/strong><\/h5><p data-start=\"96\" data-end=\"641\">El presente estudio retrospectivo evalu\u00f3 la efectividad de dos enfoques terap\u00e9uticos en pacientes j\u00f3venes con diagn\u00f3stico de lumbalgia: <strong data-start=\"232\" data-end=\"269\">Reeducaci\u00f3n Postural Global (RPG)<\/strong> y <strong data-start=\"272\" data-end=\"296\">Complemento Muscular<\/strong>. El estudio incluy\u00f3 a 10 pacientes entre 20 y 30 a\u00f1os, los cuales fueron divididos en dos grupos y tratados con la misma frecuencia (3 veces por semana) y duraci\u00f3n (60 minutos por sesi\u00f3n) durante 6 meses. El grupo RPG fue tratado por un kinesi\u00f3logo, mientras que el grupo de Complemento Muscular fue tratado por un profesor de educaci\u00f3n f\u00edsica.<\/p><p data-start=\"643\" data-end=\"1306\">Se realizaron tres evaluaciones: inicial, a los 3 meses y a los 6 meses. En la <strong data-start=\"722\" data-end=\"744\">evaluaci\u00f3n inicial<\/strong>, se midieron el dolor, la flexibilidad y las alteraciones posturales. En ambos grupos se observ\u00f3 una reducci\u00f3n del dolor a los 3 meses, pero solo el grupo RPG mostr\u00f3 una mejora significativa en la flexibilidad y la postura. A los <strong data-start=\"975\" data-end=\"986\">6 meses<\/strong>, los resultados mostraron que, aunque los pacientes RPG mantuvieron una mejora en la flexibilidad y postura, algunos experimentaron una leve reincidencia del dolor. Por otro lado, el grupo de <strong data-start=\"1179\" data-end=\"1203\">Complemento Muscular<\/strong> present\u00f3 mejoras continuas y sostenidas en la flexibilidad, sin reporte de dolor al final del estudio.<\/p><p data-start=\"1308\" data-end=\"1821\" data-is-last-node=\"\" data-is-only-node=\"\"><strong data-start=\"1308\" data-end=\"1323\">Conclusi\u00f3n:<\/strong> Ambos enfoques demostraron ser efectivos en la mejora de los s\u00edntomas de la lumbalgia. Sin embargo, el <strong data-start=\"1427\" data-end=\"1451\">Complemento Muscular<\/strong> mostr\u00f3 mejores resultados en la reducci\u00f3n del dolor y la mejora sostenida de la flexibilidad, mientras que la <strong data-start=\"1562\" data-end=\"1569\">RPG<\/strong> fue m\u00e1s eficaz para la correcci\u00f3n postural en el corto plazo, pero requiri\u00f3 mantenimiento para evitar la reincidencia del dolor. Este estudio sugiere que el fortalecimiento muscular podr\u00eda ser m\u00e1s efectivo a largo plazo para el manejo de la lumbalgia. <a href=\"https:\/\/api.whatsapp.com\/send?phone=541132326034\">Saber M\u00e1s&#8230;<\/a><\/p><p style=\"margin-bottom: 0cm;\">\u00a0<\/p><\/div>\n\t\t\t\t<\/div>\n\t\t\t\t\t\t\t<div class=\"elementor-accordion-item\">\n\t\t\t\t\t<div id=\"elementor-tab-title-2252\" class=\"elementor-tab-title\" data-tab=\"2\" role=\"button\" aria-controls=\"elementor-tab-content-2252\" aria-expanded=\"false\">\n\t\t\t\t\t\t\t\t\t\t\t\t\t<span class=\"elementor-accordion-icon elementor-accordion-icon-left\" aria-hidden=\"true\">\n\t\t\t\t\t\t\t\t\t\t\t\t\t\t\t<span class=\"elementor-accordion-icon-closed\"><svg class=\"e-font-icon-svg e-fas-plus\" viewBox=\"0 0 448 512\" xmlns=\"http:\/\/www.w3.org\/2000\/svg\"><path d=\"M416 208H272V64c0-17.67-14.33-32-32-32h-32c-17.67 0-32 14.33-32 32v144H32c-17.67 0-32 14.33-32 32v32c0 17.67 14.33 32 32 32h144v144c0 17.67 14.33 32 32 32h32c17.67 0 32-14.33 32-32V304h144c17.67 0 32-14.33 32-32v-32c0-17.67-14.33-32-32-32z\"><\/path><\/svg><\/span>\n\t\t\t\t\t\t\t\t<span class=\"elementor-accordion-icon-opened\"><svg class=\"e-font-icon-svg e-fas-minus\" viewBox=\"0 0 448 512\" xmlns=\"http:\/\/www.w3.org\/2000\/svg\"><path d=\"M416 208H32c-17.67 0-32 14.33-32 32v32c0 17.67 14.33 32 32 32h384c17.67 0 32-14.33 32-32v-32c0-17.67-14.33-32-32-32z\"><\/path><\/svg><\/span>\n\t\t\t\t\t\t\t\t\t\t\t\t\t\t<\/span>\n\t\t\t\t\t\t\t\t\t\t\t\t<a class=\"elementor-accordion-title\" tabindex=\"0\">Adherencia y Preferencia del Tratamiento<\/a>\n\t\t\t\t\t<\/div>\n\t\t\t\t\t<div id=\"elementor-tab-content-2252\" class=\"elementor-tab-content elementor-clearfix\" data-tab=\"2\" role=\"region\" aria-labelledby=\"elementor-tab-title-2252\"><h5 data-start=\"0\" data-end=\"140\"><strong data-start=\"4\" data-end=\"140\">Estudio sobre la <\/strong><strong data-start=\"4\" data-end=\"140\">Adherencia y Preferencia del Tratamiento en Pacientes Reincidentes por Diferentes Patolog\u00edas o Lesiones<\/strong><\/h5><p data-start=\"142\" data-end=\"569\">Este estudio evalu\u00f3 la adherencia y preferencia de los tratamientos utilizados por 100 pacientes reincidentes (60 mujeres y 40 hombres) de entre 30 y 50 a\u00f1os, con diversas patolog\u00edas o lesiones. Se analizaron siete pr\u00e1cticas realizadas por profesionales de la salud: <strong data-start=\"409\" data-end=\"446\">Reeducaci\u00f3n Postural Global (RPG)<\/strong>, <strong data-start=\"448\" data-end=\"466\">magnetoterapia<\/strong>, <strong data-start=\"468\" data-end=\"486\">electroterapia<\/strong>, <strong data-start=\"488\" data-end=\"510\">ejercicios activos<\/strong>, <strong data-start=\"512\" data-end=\"537\">ejercicios posturales<\/strong>, <strong data-start=\"539\" data-end=\"550\">Pilates<\/strong> y <strong data-start=\"553\" data-end=\"568\">masoterapia<\/strong>.<\/p><p data-start=\"571\" data-end=\"619\">Los principales hallazgos fueron los siguientes:<\/p><ol data-start=\"621\" data-end=\"1944\"><li data-start=\"621\" data-end=\"828\"><p data-start=\"624\" data-end=\"828\"><strong data-start=\"624\" data-end=\"642\">Magnetoterapia<\/strong> fue la pr\u00e1ctica m\u00e1s aplicada (90% de los pacientes), con una duraci\u00f3n promedio de 30 minutos por sesi\u00f3n. Aunque fue la m\u00e1s realizada, los pacientes reportaron una satisfacci\u00f3n moderada.<\/p><\/li><li data-start=\"830\" data-end=\"978\"><p data-start=\"833\" data-end=\"978\"><strong data-start=\"833\" data-end=\"844\">Pilates<\/strong>, a pesar de ser la menos aplicada (solo 10% de los pacientes), fue clasificado como la segunda pr\u00e1ctica m\u00e1s satisfactoria y efectiva.<\/p><\/li><li data-start=\"980\" data-end=\"1191\"><p data-start=\"983\" data-end=\"1191\"><strong data-start=\"983\" data-end=\"1020\">Reeducaci\u00f3n Postural Global (RPG)<\/strong> fue la pr\u00e1ctica con mayor <strong data-start=\"1047\" data-end=\"1061\">adherencia<\/strong> (50% de los pacientes), logrando los mejores resultados en t\u00e9rminos de satisfacci\u00f3n y cumplimiento de los objetivos terap\u00e9uticos.<\/p><\/li><li data-start=\"1193\" data-end=\"1393\"><p data-start=\"1196\" data-end=\"1393\"><strong data-start=\"1196\" data-end=\"1214\">Electroterapia<\/strong> fue la segunda pr\u00e1ctica m\u00e1s aplicada (75% de los pacientes), pero result\u00f3 ser la <strong data-start=\"1296\" data-end=\"1314\">menos tolerada<\/strong> debido a la incomodidad durante las sesiones, lo que gener\u00f3 baja satisfacci\u00f3n.<\/p><\/li><li data-start=\"1395\" data-end=\"1548\"><p data-start=\"1398\" data-end=\"1548\"><strong data-start=\"1398\" data-end=\"1413\">Masoterapia<\/strong>, aplicada al 40% de los pacientes, fue satisfactoria en general, pero solo la mitad de los pacientes report\u00f3 una mejora significativa.<\/p><\/li><li data-start=\"1550\" data-end=\"1757\"><p data-start=\"1553\" data-end=\"1757\"><strong data-start=\"1553\" data-end=\"1575\">Ejercicios activos<\/strong> fueron realizados por el 80% de los pacientes, pero fueron <strong data-start=\"1635\" data-end=\"1663\">segundos menos tolerados<\/strong> y no lograron cumplir con los objetivos terap\u00e9uticos.<\/p><\/li><li data-start=\"1759\" data-end=\"1944\"><p data-start=\"1762\" data-end=\"1944\"><strong data-start=\"1762\" data-end=\"1787\">Ejercicios posturales<\/strong>, realizados solo por un 15% de los pacientes, sin generar cambios significativos en relaci\u00f3n con los objetivos establecidos.<\/p><\/li><\/ol><p data-start=\"1946\" data-end=\"2441\" data-is-last-node=\"\" data-is-only-node=\"\">En conclusi\u00f3n, la <strong data-start=\"1964\" data-end=\"1971\">RPG<\/strong> result\u00f3 ser la pr\u00e1ctica con mejor <strong data-start=\"2006\" data-end=\"2020\">adherencia<\/strong> y <strong data-start=\"2023\" data-end=\"2050\">resultados terap\u00e9uticos<\/strong>, mientras que la <strong data-start=\"2068\" data-end=\"2086\">magnetoterapia<\/strong> fue la m\u00e1s realizada, aunque con menor satisfacci\u00f3n. Los <strong data-start=\"2144\" data-end=\"2166\">ejercicios activos<\/strong>, a pesar de ser ampliamente utilizados, tuvieron baja tolerancia y escasa efectividad. Este estudio subraya la importancia de adaptar los tratamientos a las <strong data-start=\"2324\" data-end=\"2340\">preferencias<\/strong> y <strong data-start=\"2343\" data-end=\"2358\">tolerancias<\/strong> de los pacientes para mejorar la adherencia y los resultados en la rehabilitaci\u00f3n. <a href=\"https:\/\/api.whatsapp.com\/send?phone=541132326034\">Saber M\u00e1s&#8230;<\/a><\/p><p style=\"margin-bottom: 0cm;\">\u00a0<\/p><\/div>\n\t\t\t\t<\/div>\n\t\t\t\t\t\t\t<div class=\"elementor-accordion-item\">\n\t\t\t\t\t<div id=\"elementor-tab-title-2253\" class=\"elementor-tab-title\" data-tab=\"3\" role=\"button\" aria-controls=\"elementor-tab-content-2253\" aria-expanded=\"false\">\n\t\t\t\t\t\t\t\t\t\t\t\t\t<span class=\"elementor-accordion-icon elementor-accordion-icon-left\" aria-hidden=\"true\">\n\t\t\t\t\t\t\t\t\t\t\t\t\t\t\t<span class=\"elementor-accordion-icon-closed\"><svg class=\"e-font-icon-svg e-fas-plus\" viewBox=\"0 0 448 512\" xmlns=\"http:\/\/www.w3.org\/2000\/svg\"><path d=\"M416 208H272V64c0-17.67-14.33-32-32-32h-32c-17.67 0-32 14.33-32 32v144H32c-17.67 0-32 14.33-32 32v32c0 17.67 14.33 32 32 32h144v144c0 17.67 14.33 32 32 32h32c17.67 0 32-14.33 32-32V304h144c17.67 0 32-14.33 32-32v-32c0-17.67-14.33-32-32-32z\"><\/path><\/svg><\/span>\n\t\t\t\t\t\t\t\t<span class=\"elementor-accordion-icon-opened\"><svg class=\"e-font-icon-svg e-fas-minus\" viewBox=\"0 0 448 512\" xmlns=\"http:\/\/www.w3.org\/2000\/svg\"><path d=\"M416 208H32c-17.67 0-32 14.33-32 32v32c0 17.67 14.33 32 32 32h384c17.67 0 32-14.33 32-32v-32c0-17.67-14.33-32-32-32z\"><\/path><\/svg><\/span>\n\t\t\t\t\t\t\t\t\t\t\t\t\t\t<\/span>\n\t\t\t\t\t\t\t\t\t\t\t\t<a class=\"elementor-accordion-title\" tabindex=\"0\">La postura del alumno, el mobiliario escolar y el sedentarismo.\u00a0\u00a0<\/a>\n\t\t\t\t\t<\/div>\n\t\t\t\t\t<div id=\"elementor-tab-content-2253\" class=\"elementor-tab-content elementor-clearfix\" data-tab=\"3\" role=\"region\" aria-labelledby=\"elementor-tab-title-2253\"><h5><span style=\"font-weight: 400;\">Descripci\u00f3n de la actividad \u00e1ulica a trav\u00e9s de una encuesta realizada a <\/span><span style=\"font-weight: 400;\">profesores, en relaci\u00f3n a la postura del alumno, el mobiliario escolar y el sedentarismo.<\/span><\/h5><p data-start=\"0\" data-end=\"475\">El estudio tuvo como prop\u00f3sito describir la actividad \u00e1ulica en relaci\u00f3n con la postura de los alumnos, el mobiliario escolar y el sedentarismo, mediante una encuesta realizada a diez profesores de Educaci\u00f3n B\u00e1sica y Media Obligatoria en la Provincia de Buenos Aires. Los resultados obtenidos sugieren la necesidad de implementar pautas de higiene postural y actividad f\u00edsica dentro del \u00e1mbito educativo, con el fin de mejorar la salud y calidad de vida de los estudiantes.<\/p><p data-start=\"477\" data-end=\"1120\">Se parti\u00f3 de la hip\u00f3tesis de que la posici\u00f3n al sentarse, el sedentarismo y el mobiliario escolar influyen en la aparici\u00f3n de alteraciones posturales y dolor en ni\u00f1os y adolescentes. A partir de la encuesta, se observ\u00f3 que la mayor\u00eda de los profesores mostr\u00f3 inter\u00e9s en fomentar una postura adecuada en los alumnos, reconoci\u00e9ndola como un h\u00e1bito beneficioso tanto en el aspecto f\u00edsico como mental. Sin embargo, se identific\u00f3 una contradicci\u00f3n en la pr\u00e1ctica: el mobiliario escolar y las din\u00e1micas dentro del aula permanecen invariables, sin adaptarse a la edad o necesidades de los estudiantes, lo que favorece altos niveles de sedentarismo.<\/p><p data-start=\"1122\" data-end=\"1637\" data-is-last-node=\"\" data-is-only-node=\"\">Los hallazgos de este estudio, en concordancia con investigaciones previas, indican que los escolares est\u00e1n expuestos a un riesgo considerable de padecer molestias y dolores cr\u00f3nicos derivados de su actividad en el aula. Como medida de prevenci\u00f3n, se concluye con la recomendaci\u00f3n de implementar estrategias de higiene postural dirigidas tanto a futuros docentes como a los propios alumnos, reconociendo la influencia directa de la postura, el mobiliario y la din\u00e1mica \u00e1ulica en el proceso de ense\u00f1anza-aprendizaje. <a href=\"https:\/\/api.whatsapp.com\/send?phone=541132326034\">Saber M\u00e1s&#8230;<\/a><\/p><\/div>\n\t\t\t\t<\/div>\n\t\t\t\t\t\t\t<div class=\"elementor-accordion-item\">\n\t\t\t\t\t<div id=\"elementor-tab-title-2254\" class=\"elementor-tab-title\" data-tab=\"4\" role=\"button\" aria-controls=\"elementor-tab-content-2254\" aria-expanded=\"false\">\n\t\t\t\t\t\t\t\t\t\t\t\t\t<span class=\"elementor-accordion-icon elementor-accordion-icon-left\" aria-hidden=\"true\">\n\t\t\t\t\t\t\t\t\t\t\t\t\t\t\t<span class=\"elementor-accordion-icon-closed\"><svg class=\"e-font-icon-svg e-fas-plus\" viewBox=\"0 0 448 512\" xmlns=\"http:\/\/www.w3.org\/2000\/svg\"><path d=\"M416 208H272V64c0-17.67-14.33-32-32-32h-32c-17.67 0-32 14.33-32 32v144H32c-17.67 0-32 14.33-32 32v32c0 17.67 14.33 32 32 32h144v144c0 17.67 14.33 32 32 32h32c17.67 0 32-14.33 32-32V304h144c17.67 0 32-14.33 32-32v-32c0-17.67-14.33-32-32-32z\"><\/path><\/svg><\/span>\n\t\t\t\t\t\t\t\t<span class=\"elementor-accordion-icon-opened\"><svg class=\"e-font-icon-svg e-fas-minus\" viewBox=\"0 0 448 512\" xmlns=\"http:\/\/www.w3.org\/2000\/svg\"><path d=\"M416 208H32c-17.67 0-32 14.33-32 32v32c0 17.67 14.33 32 32 32h384c17.67 0 32-14.33 32-32v-32c0-17.67-14.33-32-32-32z\"><\/path><\/svg><\/span>\n\t\t\t\t\t\t\t\t\t\t\t\t\t\t<\/span>\n\t\t\t\t\t\t\t\t\t\t\t\t<a class=\"elementor-accordion-title\" tabindex=\"0\">La importancia de la estabilidad de tronco para aumentar la funci\u00f3n motora.<\/a>\n\t\t\t\t\t<\/div>\n\t\t\t\t\t<div id=\"elementor-tab-content-2254\" class=\"elementor-tab-content elementor-clearfix\" data-tab=\"4\" role=\"region\" aria-labelledby=\"elementor-tab-title-2254\"><h5 data-start=\"79\" data-end=\"496\">La importancia de la estabilidad de tronco para aumentar la funci\u00f3n motora en pacientes con Miopat\u00edas Centronucleares<\/h5><p data-start=\"79\" data-end=\"496\">La <strong data-start=\"82\" data-end=\"108\">Miopat\u00eda Centronuclear<\/strong> es una enfermedad neuromuscular con una evoluci\u00f3n variable que afecta la postura debido al d\u00e9ficit muscular, lo que la ubica dentro del grupo de las <strong data-start=\"258\" data-end=\"283\">distrofias musculares<\/strong>. Su tratamiento requiere un enfoque <strong data-start=\"320\" data-end=\"342\">multidisciplinario<\/strong>, en el que la terapia kin\u00e9sica juega un papel clave a trav\u00e9s de ejercicios de flexibilidad, prevenci\u00f3n de deformidades y control de la fatiga muscular.<\/p><p data-start=\"498\" data-end=\"764\">Este estudio analiza un <strong data-start=\"522\" data-end=\"538\">caso cl\u00ednico<\/strong> para evaluar la efectividad de los m\u00e9todos <strong data-start=\"582\" data-end=\"611\">Feldenkrais y Kabat (FNP)<\/strong> en la estabilidad del tronco y la capacidad motora del paciente, utilizando la <strong data-start=\"691\" data-end=\"730\">escala Motor Function Measure (MFM)<\/strong> como herramienta de evaluaci\u00f3n.<\/p><h6 data-start=\"766\" data-end=\"782\">Resultados<\/h6><p data-start=\"783\" data-end=\"1044\">La combinaci\u00f3n de ambos m\u00e9todos demostr\u00f3 que la <strong data-start=\"831\" data-end=\"883\">estabilidad del tronco es entrenable y mejorable<\/strong> en pacientes con distrofias musculares y miopat\u00edas. Se observ\u00f3 que el <strong data-start=\"954\" data-end=\"1022\">tiempo de tratamiento influye significativamente en la evoluci\u00f3n<\/strong> de estos pacientes.<\/p><p data-start=\"1046\" data-end=\"1228\">El paciente report\u00f3 <strong data-start=\"1066\" data-end=\"1100\">mejoras en el control postural<\/strong> en actividades diarias como caminar, tomar objetos y trabajar. Tambi\u00e9n percibi\u00f3 un <strong data-start=\"1184\" data-end=\"1225\">aumento en la masa muscular abdominal<\/strong>.<\/p><h6 data-start=\"1230\" data-end=\"1246\">Conclusi\u00f3n<\/h6><p data-start=\"1247\" data-end=\"1674\" data-is-last-node=\"\" data-is-only-node=\"\">Si bien las miopat\u00edas y distrofias musculares son enfermedades progresivas e incapacitantes, los resultados sugieren que la combinaci\u00f3n de <strong data-start=\"1386\" data-end=\"1409\">Feldenkrais y Kabat<\/strong> mejora la eficiencia motora y la conciencia postural, facilitando la realizaci\u00f3n de actividades cotidianas. Sin embargo, se requiere <strong data-start=\"1543\" data-end=\"1596\">mayor tama\u00f1o muestral y m\u00e1s tiempo de tratamiento<\/strong> para confirmar la efectividad de estos m\u00e9todos en trastornos neuromusculares. <a href=\"https:\/\/api.whatsapp.com\/send?phone=541132326034\">Saber M\u00e1s&#8230;<\/a><\/p><\/div>\n\t\t\t\t<\/div>\n\t\t\t\t\t\t\t\t<\/div>\n\t\t\t\t\t\t<\/div>\n\t\t\t\t<\/div>\n\t\t\t\t<div class=\"elementor-element elementor-element-af40b57 elementor-widget elementor-widget-spacer\" data-id=\"af40b57\" data-element_type=\"widget\" data-widget_type=\"spacer.default\">\n\t\t\t\t<div class=\"elementor-widget-container\">\n\t\t\t\t\t\t\t<div class=\"elementor-spacer\">\n\t\t\t<div class=\"elementor-spacer-inner\"><\/div>\n\t\t<\/div>\n\t\t\t\t\t\t<\/div>\n\t\t\t\t<\/div>\n\t\t\t\t<div class=\"elementor-element elementor-element-74727fe elementor-widget elementor-widget-heading\" data-id=\"74727fe\" data-element_type=\"widget\" data-widget_type=\"heading.default\">\n\t\t\t\t<div class=\"elementor-widget-container\">\n\t\t\t\t\t<h4 class=\"elementor-heading-title elementor-size-default\">Asistencia y Calidad de Atenci\u00f3n<\/h4>\t\t\t\t<\/div>\n\t\t\t\t<\/div>\n\t\t\t\t<div class=\"elementor-element elementor-element-7495fa3 elementor-widget elementor-widget-accordion\" data-id=\"7495fa3\" data-element_type=\"widget\" data-widget_type=\"accordion.default\">\n\t\t\t\t<div class=\"elementor-widget-container\">\n\t\t\t\t\t\t\t<div class=\"elementor-accordion\">\n\t\t\t\t\t\t\t<div class=\"elementor-accordion-item\">\n\t\t\t\t\t<div id=\"elementor-tab-title-1221\" class=\"elementor-tab-title\" data-tab=\"1\" role=\"button\" aria-controls=\"elementor-tab-content-1221\" aria-expanded=\"false\">\n\t\t\t\t\t\t\t\t\t\t\t\t\t<span class=\"elementor-accordion-icon elementor-accordion-icon-left\" aria-hidden=\"true\">\n\t\t\t\t\t\t\t\t\t\t\t\t\t\t\t<span class=\"elementor-accordion-icon-closed\"><svg class=\"e-font-icon-svg e-fas-plus\" viewBox=\"0 0 448 512\" xmlns=\"http:\/\/www.w3.org\/2000\/svg\"><path d=\"M416 208H272V64c0-17.67-14.33-32-32-32h-32c-17.67 0-32 14.33-32 32v144H32c-17.67 0-32 14.33-32 32v32c0 17.67 14.33 32 32 32h144v144c0 17.67 14.33 32 32 32h32c17.67 0 32-14.33 32-32V304h144c17.67 0 32-14.33 32-32v-32c0-17.67-14.33-32-32-32z\"><\/path><\/svg><\/span>\n\t\t\t\t\t\t\t\t<span class=\"elementor-accordion-icon-opened\"><svg class=\"e-font-icon-svg e-fas-minus\" viewBox=\"0 0 448 512\" xmlns=\"http:\/\/www.w3.org\/2000\/svg\"><path d=\"M416 208H32c-17.67 0-32 14.33-32 32v32c0 17.67 14.33 32 32 32h384c17.67 0 32-14.33 32-32v-32c0-17.67-14.33-32-32-32z\"><\/path><\/svg><\/span>\n\t\t\t\t\t\t\t\t\t\t\t\t\t\t<\/span>\n\t\t\t\t\t\t\t\t\t\t\t\t<a class=\"elementor-accordion-title\" tabindex=\"0\">Valoraci\u00f3n de los tiempos de tratamiento en pacientes de ART con diagn\u00f3stico de lumbalgia<\/a>\n\t\t\t\t\t<\/div>\n\t\t\t\t\t<div id=\"elementor-tab-content-1221\" class=\"elementor-tab-content elementor-clearfix\" data-tab=\"1\" role=\"region\" aria-labelledby=\"elementor-tab-title-1221\"><p style=\"margin-bottom: 0cm;\">\u00a0<\/p><p data-start=\"26\" data-end=\"394\">Este estudio analiza los tiempos de tratamiento en pacientes con diagn\u00f3stico de lumbalgia dentro del \u00e1mbito de las ART (Aseguradoras de Riesgo de Trabajo) a trav\u00e9s de registros internos de un servicio de kinesiolog\u00eda y un cuestionario telef\u00f3nico. El objetivo es identificar las causas que podr\u00edan estar contribuyendo a la prolongaci\u00f3n de los tiempos de rehabilitaci\u00f3n.<\/p><p data-start=\"396\" data-end=\"827\"><strong data-start=\"396\" data-end=\"438\">Resultados y conclusiones principales:<\/strong> Las causas del dolor en los pacientes estudiados se relacionaron con ca\u00eddas de altura, levantamiento de peso, accidentes de tr\u00e1nsito, mala postura laboral y ca\u00eddas en el \u00e1mbito laboral o p\u00fablico. Un 80% de los pacientes reportaron que el esfuerzo f\u00edsico y la mala postura fueron los factores determinantes del dolor, vinculando estrechamente la lumbalgia con el tipo de trabajo realizado.<\/p><p data-start=\"829\" data-end=\"1319\">El an\u00e1lisis tambi\u00e9n revel\u00f3 deficiencias en la comunicaci\u00f3n entre los prestadores de salud y las aseguradoras, lo que gener\u00f3 un aumento en los tiempos de rehabilitaci\u00f3n. Esta falta de coordinaci\u00f3n result\u00f3 en un n\u00famero elevado de d\u00edas de alta m\u00e9dica, superando el mes en la mayor\u00eda de los casos, y fuera de los protocolos establecidos por el consenso acad\u00e9mico. La mala gesti\u00f3n de las ART, como la falta de autorizaciones y traslados, fue la principal causa de los retrasos en el tratamiento.<\/p><p data-start=\"1321\" data-end=\"1828\">El estudio destac\u00f3 la importancia de tomar conciencia de estos factores para mejorar la eficiencia del sistema de salud laboral y crear programas que mitiguen el impacto negativo de la lumbalgia tanto para los trabajadores como para las empresas. Adem\u00e1s, se sugiri\u00f3 que estos hallazgos pueden aplicarse a la poblaci\u00f3n general, dado que tambi\u00e9n tienen implicaciones econ\u00f3micas tanto para las aseguradoras como para los trabajadores afectados, quienes a menudo enfrentan costos adicionales por el tratamiento.<\/p><p data-start=\"1830\" data-end=\"2150\" data-is-last-node=\"\" data-is-only-node=\"\"><strong data-start=\"1830\" data-end=\"1850\">Recomendaciones:<\/strong> El estudio sugiere que se debe mejorar la comunicaci\u00f3n y gesti\u00f3n entre prestadores y aseguradoras, y se plantea la creaci\u00f3n de estrategias para actuar de manera m\u00e1s oportuna en la atenci\u00f3n de lumbalgias, con el fin de evitar retrasos innecesarios en la rehabilitaci\u00f3n y reducir los costos asociados. <a href=\"https:\/\/api.whatsapp.com\/send?phone=541132326034\">Saber M\u00e1s&#8230;<\/a><\/p><\/div>\n\t\t\t\t<\/div>\n\t\t\t\t\t\t\t\t<\/div>\n\t\t\t\t\t\t<\/div>\n\t\t\t\t<\/div>\n\t\t\t\t\t<\/div>\n\t\t<\/div>\n\t\t\t\t\t<\/div>\n\t\t<\/section>\n\t\t<div class=\"elementor-element elementor-element-0873e10 e-flex e-con-boxed e-con e-parent\" data-id=\"0873e10\" data-element_type=\"container\">\n\t\t\t\t\t<div class=\"e-con-inner\">\n\t\t<div class=\"elementor-element elementor-element-dfbf25c e-con-full e-flex e-con e-child\" data-id=\"dfbf25c\" data-element_type=\"container\">\n\t\t\t\t<div class=\"elementor-element elementor-element-47aeaf2 content-align-cta-default elementor-widget elementor-widget-eael-cta-box\" data-id=\"47aeaf2\" data-element_type=\"widget\" data-widget_type=\"eael-cta-box.default\">\n\t\t\t\t<div class=\"elementor-widget-container\">\n\t\t\t\t\t\t\t<div class=\"eael-call-to-action cta-basic bg-lite cta-preset-1\">\n        <h2 class=\"title\">Solicitar Turno Virtual<\/h2><p>El bot\u00f3n lo redirigir\u00e1 a WhatsApp para que pueda realizar su reserva.<\/p><a href=\"https:\/\/api.whatsapp.com\/send?phone=541132326034\" class=\"cta-button  \">RESERVAR<\/a>\t<\/div>\n\t\t\t\t\t\t\t\t<\/div>\n\t\t\t\t<\/div>\n\t\t\t\t<div class=\"elementor-element elementor-element-59d4eb8 elementor-widget elementor-widget-text-editor\" data-id=\"59d4eb8\" data-element_type=\"widget\" data-widget_type=\"text-editor.default\">\n\t\t\t\t<div class=\"elementor-widget-container\">\n\t\t\t\t\t\t\t\t\t<h3 data-start=\"542\" data-end=\"564\"><strong data-start=\"546\" data-end=\"562\">\u26a0 Importante<\/strong><\/h3><p data-start=\"565\" data-end=\"692\">Actualmente no tengo turnos disponibles para la asistencia o consulta presencial. La agenda se reabrir\u00e1 en <strong data-start=\"672\" data-end=\"689\">julio de 2025<\/strong>.<\/p>\t\t\t\t\t\t\t\t<\/div>\n\t\t\t\t<\/div>\n\t\t\t\t<div class=\"elementor-element elementor-element-c3bbd9b elementor-widget elementor-widget-text-editor\" data-id=\"c3bbd9b\" data-element_type=\"widget\" data-widget_type=\"text-editor.default\">\n\t\t\t\t<div class=\"elementor-widget-container\">\n\t\t\t\t\t\t\t\t\t<p data-start=\"542\" data-end=\"564\"><strong data-start=\"1887\" data-end=\"2048\"><img decoding=\"async\" class=\"emoji\" role=\"img\" draggable=\"false\" src=\"https:\/\/s.w.org\/images\/core\/emoji\/15.0.3\/svg\/1f4e9.svg\" alt=\"\ud83d\udce9\" \/> Si quer\u00e9s consultarme tu caso, pod\u00e9s enviarme un correo a <a rel=\"noopener\" data-start=\"1950\" data-end=\"2019\">info@galleanosebastian.com.ar<\/a> o escribirme por WhatsApp.<\/strong><\/p><p data-start=\"542\" data-end=\"564\"><a href=\"https:\/\/galleanosebastian.com.ar\/wp-content\/uploads\/2025\/03\/Formulario-de-Atencion.docx\">\ud83d\udc49Descargar el Formulario de Atenci\u00f3n<\/a>\u00a0<\/p>\t\t\t\t\t\t\t\t<\/div>\n\t\t\t\t<\/div>\n\t\t\t\t<\/div>\n\t\t<div class=\"elementor-element elementor-element-d096349 e-con-full e-flex e-con e-child\" data-id=\"d096349\" data-element_type=\"container\">\n\t\t\t\t<div class=\"elementor-element elementor-element-447558a elementor-widget elementor-widget-eael-adv-tabs\" data-id=\"447558a\" data-element_type=\"widget\" data-widget_type=\"eael-adv-tabs.default\">\n\t\t\t\t<div class=\"elementor-widget-container\">\n\t\t\t\t\t        <div data-scroll-on-click=\"no\" data-scroll-speed=\"300\" id=\"eael-advance-tabs-447558a\" class=\"eael-advance-tabs eael-tabs-horizontal eael-tab-auto-active \" data-tabid=\"447558a\">\n            <div class=\"eael-tabs-nav\">\n                <ul class=\"eael-tab-inline-icon\" role=\"tablist\">\n                                            <li id=\"atencin-y-consulta\" class=\"inactive eael-tab-item-trigger eael-tab-nav-item\" aria-selected=\"true\" data-tab=\"1\" role=\"tab\" tabindex=\"0\" aria-controls=\"atencin-y-consulta-tab\" aria-expanded=\"false\">\n                            \n                                                                <svg class=\"e-font-icon-svg e-far-check-circle\" viewBox=\"0 0 512 512\" xmlns=\"http:\/\/www.w3.org\/2000\/svg\"><path d=\"M256 8C119.033 8 8 119.033 8 256s111.033 248 248 248 248-111.033 248-248S392.967 8 256 8zm0 48c110.532 0 200 89.451 200 200 0 110.532-89.451 200-200 200-110.532 0-200-89.451-200-200 0-110.532 89.451-200 200-200m140.204 130.267l-22.536-22.718c-4.667-4.705-12.265-4.736-16.97-.068L215.346 303.697l-59.792-60.277c-4.667-4.705-12.265-4.736-16.97-.069l-22.719 22.536c-4.705 4.667-4.736 12.265-.068 16.971l90.781 91.516c4.667 4.705 12.265 4.736 16.97.068l172.589-171.204c4.704-4.668 4.734-12.266.067-16.971z\"><\/path><\/svg>                                                            \n                                                            <span class=\"eael-tab-title title-after-icon\" >Atenci\u00f3n y Consulta<\/span>                            \n                                                    <\/li>\n                                            <li id=\"docencia-y-tutoras\" class=\"inactive eael-tab-item-trigger eael-tab-nav-item\" aria-selected=\"false\" data-tab=\"2\" role=\"tab\" tabindex=\"-1\" aria-controls=\"docencia-y-tutoras-tab\" aria-expanded=\"false\">\n                            \n                                                                <svg class=\"e-font-icon-svg e-far-check-circle\" viewBox=\"0 0 512 512\" xmlns=\"http:\/\/www.w3.org\/2000\/svg\"><path d=\"M256 8C119.033 8 8 119.033 8 256s111.033 248 248 248 248-111.033 248-248S392.967 8 256 8zm0 48c110.532 0 200 89.451 200 200 0 110.532-89.451 200-200 200-110.532 0-200-89.451-200-200 0-110.532 89.451-200 200-200m140.204 130.267l-22.536-22.718c-4.667-4.705-12.265-4.736-16.97-.068L215.346 303.697l-59.792-60.277c-4.667-4.705-12.265-4.736-16.97-.069l-22.719 22.536c-4.705 4.667-4.736 12.265-.068 16.971l90.781 91.516c4.667 4.705 12.265 4.736 16.97.068l172.589-171.204c4.704-4.668 4.734-12.266.067-16.971z\"><\/path><\/svg>                                                            \n                                                            <span class=\"eael-tab-title title-after-icon\" >Docencia y Tutor\u00edas<\/span>                            \n                                                    <\/li>\n                                            <li id=\"prevencin-y-bienestar\" class=\"inactive eael-tab-item-trigger eael-tab-nav-item\" aria-selected=\"false\" data-tab=\"3\" role=\"tab\" tabindex=\"-1\" aria-controls=\"prevencin-y-bienestar-tab\" aria-expanded=\"false\">\n                            \n                                                                <svg class=\"e-font-icon-svg e-far-check-circle\" viewBox=\"0 0 512 512\" xmlns=\"http:\/\/www.w3.org\/2000\/svg\"><path d=\"M256 8C119.033 8 8 119.033 8 256s111.033 248 248 248 248-111.033 248-248S392.967 8 256 8zm0 48c110.532 0 200 89.451 200 200 0 110.532-89.451 200-200 200-110.532 0-200-89.451-200-200 0-110.532 89.451-200 200-200m140.204 130.267l-22.536-22.718c-4.667-4.705-12.265-4.736-16.97-.068L215.346 303.697l-59.792-60.277c-4.667-4.705-12.265-4.736-16.97-.069l-22.719 22.536c-4.705 4.667-4.736 12.265-.068 16.971l90.781 91.516c4.667 4.705 12.265 4.736 16.97.068l172.589-171.204c4.704-4.668 4.734-12.266.067-16.971z\"><\/path><\/svg>                                                            \n                                                            <span class=\"eael-tab-title title-after-icon\" >Prevenci\u00f3n y Bienestar<\/span>                            \n                                                    <\/li>\n                                    <\/ul>\n            <\/div>\n            \n            <div class=\"eael-tabs-content\">\n\t\t        \n                    <div id=\"atencin-y-consulta-tab\" class=\"clearfix eael-tab-content-item inactive\" data-title-link=\"atencin-y-consulta-tab\">\n\t\t\t\t        <ul data-start=\"758\" data-end=\"988\"><li data-start=\"758\" data-end=\"825\">Consultas individuales por videollamada, adaptadas a cada caso.<\/li><li data-start=\"826\" data-end=\"913\">Chat en vivo a trav\u00e9s de WhatsApp y otras plataformas para asesoramiento inmediato.<\/li><li data-start=\"914\" data-end=\"988\">Acceso a plataformas especializadas para seguimiento y rehabilitaci\u00f3n.<\/li><\/ul><p data-start=\"990\" data-end=\"1014\"><strong data-start=\"990\" data-end=\"1012\">Costo referencial:<\/strong><\/p><ul data-start=\"1015\" data-end=\"1101\"><li data-start=\"1015\" data-end=\"1053\">Consulta individual: $30 &#8211; $50 USD<\/li><li data-start=\"1054\" data-end=\"1101\">Plan mensual de seguimiento: $80 &#8211; $150 USD<\/li><\/ul>                    <\/div>\n\t\t        \n                    <div id=\"docencia-y-tutoras-tab\" class=\"clearfix eael-tab-content-item inactive\" data-title-link=\"docencia-y-tutoras-tab\">\n\t\t\t\t        <ul data-start=\"1134\" data-end=\"1324\"><li data-start=\"1134\" data-end=\"1195\">Tutor\u00edas especializadas para estudiantes de kinesiolog\u00eda.<\/li><li data-start=\"1196\" data-end=\"1260\">Asesoramiento en la elaboraci\u00f3n de tesis y trabajos finales.<\/li><li data-start=\"1261\" data-end=\"1324\">Acceso a material de referencia y orientaci\u00f3n metodol\u00f3gica.<\/li><\/ul><p data-start=\"1326\" data-end=\"1350\"><strong data-start=\"1326\" data-end=\"1348\">Costo referencial:<\/strong><\/p><ul data-start=\"1351\" data-end=\"1388\"><li data-start=\"1351\" data-end=\"1388\">Tutor\u00eda por sesi\u00f3n: $25 &#8211; $40 USD<\/li><\/ul>                    <\/div>\n\t\t        \n                    <div id=\"prevencin-y-bienestar-tab\" class=\"clearfix eael-tab-content-item inactive\" data-title-link=\"prevencin-y-bienestar-tab\">\n\t\t\t\t        <ul><li>Programas de prevenci\u00f3n de lesiones y ergonom\u00eda para empresas y trabajadores.<\/li><li>Asesoramiento personalizado para deportistas y planes de entrenamiento preventivo.<\/li><li>Evaluaciones de postura y h\u00e1bitos saludables para pacientes.<\/li><\/ul><p><strong>Costo referencial:<\/strong><\/p><ul><li style=\"list-style-type: none;\"><ul style=\"font-size: 16px; font-style: normal; font-weight: 400;\" data-start=\"1684\" data-end=\"1744\"><li style=\"font-size: 16px;\" data-start=\"1684\" data-end=\"1744\">Programa de prevenci\u00f3n para empresas: Desde $200 USD\/mes<\/li><\/ul><\/li><\/ul>                    <\/div>\n\t\t                    <\/div>\n        <\/div>\n\t\t\t\t<\/div>\n\t\t\t\t<\/div>\n\t\t\t\t<\/div>\n\t\t\t\t\t<\/div>\n\t\t\t\t<\/div>\n\t\t<div class=\"elementor-element elementor-element-373020c e-flex e-con-boxed e-con e-parent\" data-id=\"373020c\" data-element_type=\"container\">\n\t\t\t\t\t<div class=\"e-con-inner\">\n\t\t\t\t<div class=\"elementor-element elementor-element-2118113 elementor-grid-eael-col-4 elementor-grid-tablet-eael-col-2 elementor-grid-mobile-eael-col-1 elementor-widget elementor-widget-eael-post-grid\" data-id=\"2118113\" data-element_type=\"widget\" data-settings=\"{&quot;eael_post_grid_columns&quot;:&quot;eael-col-4&quot;,&quot;eael_post_grid_columns_tablet&quot;:&quot;eael-col-2&quot;,&quot;eael_post_grid_columns_mobile&quot;:&quot;eael-col-1&quot;}\" data-widget_type=\"eael-post-grid.default\">\n\t\t\t\t<div class=\"elementor-widget-container\">\n\t\t\t\t\t<div id=\"eael-post-grid-2118113\" class=\"eael-post-grid-container\">\n            <div class=\"eael-post-grid eael-post-appender eael-post-appender-2118113 eael-post-grid-style-one\" data-layout-mode=\"masonry\"><article class=\"eael-grid-post eael-post-grid-column\" data-id=\"4768\">\n        <div class=\"eael-grid-post-holder\">\n            <div class=\"eael-grid-post-holder-inner\"><div class=\"eael-entry-media\"><div class=\"eael-entry-overlay fade-in\"><i class=\"fas fa-long-arrow-alt-right\" aria-hidden=\"true\"><\/i><a href=\"https:\/\/galleanosebastian.com.ar\/index.php\/2025\/09\/02\/rehabilitacion-de-cervicalgia-en-adultos-con-sobrepeso\/\"><\/a><\/div><div class=\"eael-entry-thumbnail \">\n                <img fetchpriority=\"high\" decoding=\"async\" width=\"300\" height=\"169\" src=\"https:\/\/galleanosebastian.com.ar\/wp-content\/uploads\/2025\/09\/63-300x169.jpg\" class=\"attachment-medium size-medium wp-image-4776\" alt=\"\" srcset=\"https:\/\/galleanosebastian.com.ar\/wp-content\/uploads\/2025\/09\/63-300x169.jpg 300w, https:\/\/galleanosebastian.com.ar\/wp-content\/uploads\/2025\/09\/63-1024x576.jpg 1024w, https:\/\/galleanosebastian.com.ar\/wp-content\/uploads\/2025\/09\/63-768x432.jpg 768w, https:\/\/galleanosebastian.com.ar\/wp-content\/uploads\/2025\/09\/63-1536x864.jpg 1536w, https:\/\/galleanosebastian.com.ar\/wp-content\/uploads\/2025\/09\/63.jpg 1600w\" sizes=\"(max-width: 300px) 100vw, 300px\" \/>\n            <\/div>\n        <\/div><div class=\"eael-entry-wrapper\"><header class=\"eael-entry-header\"><h6 class=\"eael-entry-title\"><a\n                        class=\"eael-grid-post-link\"\n                        href=\"https:\/\/galleanosebastian.com.ar\/index.php\/2025\/09\/02\/rehabilitacion-de-cervicalgia-en-adultos-con-sobrepeso\/\"\n                        title=\"Rehabilitaci\u00f3n de cervicalgia en adultos con sobrepeso\">Rehabilitaci\u00f3n de cervicalgia en adultos con sobrepeso<\/a><\/h6><\/header><div class=\"eael-entry-content\">\n                        <div class=\"eael-grid-post-excerpt\"><p>C\u00f3mo abordar la cervicalgia mec\u00e1nica en adultos con sobrepeso y...<\/p><a href=\"https:\/\/galleanosebastian.com.ar\/index.php\/2025\/09\/02\/rehabilitacion-de-cervicalgia-en-adultos-con-sobrepeso\/\" class=\"eael-post-elements-readmore-btn\">Read More<\/a><\/div>\n                    <\/div><div class=\"eael-entry-footer\"><div class=\"eael-author-avatar\"><a href=\"https:\/\/galleanosebastian.com.ar\/index.php\/author\/galleano-sebastian\/\"><img alt='galleano.sebastian' src='https:\/\/secure.gravatar.com\/avatar\/696976b010028a9cf4df4a37738269e5?s=96&#038;d=mm&#038;r=g' srcset='https:\/\/secure.gravatar.com\/avatar\/696976b010028a9cf4df4a37738269e5?s=192&#038;d=mm&#038;r=g 2x' class='avatar avatar-96 photo' height='96' width='96' \/><\/a><\/div><div class=\"eael-entry-meta\"><span class=\"eael-posted-by\"><a href=\"https:\/\/galleanosebastian.com.ar\/index.php\/author\/galleano-sebastian\/\" title=\"Entradas de galleano.sebastian\" rel=\"author\">galleano.sebastian<\/a><\/span><span class=\"eael-posted-on\"><time datetime=\"2 de septiembre de 2025\">2 de septiembre de 2025<\/time><\/span><\/div><\/div><\/div><\/div>\n        <\/div>\n    <\/article><article class=\"eael-grid-post eael-post-grid-column\" data-id=\"4763\">\n        <div class=\"eael-grid-post-holder\">\n            <div class=\"eael-grid-post-holder-inner\"><div class=\"eael-entry-media\"><div class=\"eael-entry-overlay fade-in\"><i class=\"fas fa-long-arrow-alt-right\" aria-hidden=\"true\"><\/i><a href=\"https:\/\/galleanosebastian.com.ar\/index.php\/2025\/08\/26\/rehabilitacion-de-lumbalgia-en-adultos-con-sobrepeso\/\"><\/a><\/div><div class=\"eael-entry-thumbnail \">\n                <img decoding=\"async\" width=\"300\" height=\"169\" src=\"https:\/\/galleanosebastian.com.ar\/wp-content\/uploads\/2025\/09\/61-300x169.jpg\" class=\"attachment-medium size-medium wp-image-4774\" alt=\"\" srcset=\"https:\/\/galleanosebastian.com.ar\/wp-content\/uploads\/2025\/09\/61-300x169.jpg 300w, https:\/\/galleanosebastian.com.ar\/wp-content\/uploads\/2025\/09\/61-1024x576.jpg 1024w, https:\/\/galleanosebastian.com.ar\/wp-content\/uploads\/2025\/09\/61-768x432.jpg 768w, https:\/\/galleanosebastian.com.ar\/wp-content\/uploads\/2025\/09\/61-1536x864.jpg 1536w, https:\/\/galleanosebastian.com.ar\/wp-content\/uploads\/2025\/09\/61.jpg 1600w\" sizes=\"(max-width: 300px) 100vw, 300px\" \/>\n            <\/div>\n        <\/div><div class=\"eael-entry-wrapper\"><header class=\"eael-entry-header\"><h6 class=\"eael-entry-title\"><a\n                        class=\"eael-grid-post-link\"\n                        href=\"https:\/\/galleanosebastian.com.ar\/index.php\/2025\/08\/26\/rehabilitacion-de-lumbalgia-en-adultos-con-sobrepeso\/\"\n                        title=\"Rehabilitaci\u00f3n de lumbalgia en adultos con sobrepeso\">Rehabilitaci\u00f3n de lumbalgia en adultos con sobrepeso<\/a><\/h6><\/header><div class=\"eael-entry-content\">\n                        <div class=\"eael-grid-post-excerpt\"><p>Rehabilitaci\u00f3n de lumbalgia en adultos con sobrepeso: c\u00f3mo recuperar bienestar...<\/p><a href=\"https:\/\/galleanosebastian.com.ar\/index.php\/2025\/08\/26\/rehabilitacion-de-lumbalgia-en-adultos-con-sobrepeso\/\" class=\"eael-post-elements-readmore-btn\">Read More<\/a><\/div>\n                    <\/div><div class=\"eael-entry-footer\"><div class=\"eael-author-avatar\"><a href=\"https:\/\/galleanosebastian.com.ar\/index.php\/author\/galleano-sebastian\/\"><img alt='galleano.sebastian' src='https:\/\/secure.gravatar.com\/avatar\/696976b010028a9cf4df4a37738269e5?s=96&#038;d=mm&#038;r=g' srcset='https:\/\/secure.gravatar.com\/avatar\/696976b010028a9cf4df4a37738269e5?s=192&#038;d=mm&#038;r=g 2x' class='avatar avatar-96 photo' height='96' width='96' \/><\/a><\/div><div class=\"eael-entry-meta\"><span class=\"eael-posted-by\"><a href=\"https:\/\/galleanosebastian.com.ar\/index.php\/author\/galleano-sebastian\/\" title=\"Entradas de galleano.sebastian\" rel=\"author\">galleano.sebastian<\/a><\/span><span class=\"eael-posted-on\"><time datetime=\"26 de agosto de 2025\">26 de agosto de 2025<\/time><\/span><\/div><\/div><\/div><\/div>\n        <\/div>\n    <\/article><article class=\"eael-grid-post eael-post-grid-column\" data-id=\"4757\">\n        <div class=\"eael-grid-post-holder\">\n            <div class=\"eael-grid-post-holder-inner\"><div class=\"eael-entry-media\"><div class=\"eael-entry-overlay fade-in\"><i class=\"fas fa-long-arrow-alt-right\" aria-hidden=\"true\"><\/i><a href=\"https:\/\/galleanosebastian.com.ar\/index.php\/2025\/08\/20\/rehabilitacion-de-rodillas-en-adultos-con-sobrepeso-y-dolor\/\"><\/a><\/div><div class=\"eael-entry-thumbnail \">\n                <img decoding=\"async\" width=\"300\" height=\"169\" src=\"https:\/\/galleanosebastian.com.ar\/wp-content\/uploads\/2025\/09\/65-300x169.jpg\" class=\"attachment-medium size-medium wp-image-4778\" alt=\"\" srcset=\"https:\/\/galleanosebastian.com.ar\/wp-content\/uploads\/2025\/09\/65-300x169.jpg 300w, https:\/\/galleanosebastian.com.ar\/wp-content\/uploads\/2025\/09\/65-1024x576.jpg 1024w, https:\/\/galleanosebastian.com.ar\/wp-content\/uploads\/2025\/09\/65-768x432.jpg 768w, https:\/\/galleanosebastian.com.ar\/wp-content\/uploads\/2025\/09\/65-1536x864.jpg 1536w, https:\/\/galleanosebastian.com.ar\/wp-content\/uploads\/2025\/09\/65.jpg 1600w\" sizes=\"(max-width: 300px) 100vw, 300px\" \/>\n            <\/div>\n        <\/div><div class=\"eael-entry-wrapper\"><header class=\"eael-entry-header\"><h6 class=\"eael-entry-title\"><a\n                        class=\"eael-grid-post-link\"\n                        href=\"https:\/\/galleanosebastian.com.ar\/index.php\/2025\/08\/20\/rehabilitacion-de-rodillas-en-adultos-con-sobrepeso-y-dolor\/\"\n                        title=\"Rehabilitaci\u00f3n de rodillas en adultos con sobrepeso y dolor\">Rehabilitaci\u00f3n de rodillas en adultos con sobrepeso y dolor<\/a><\/h6><\/header><div class=\"eael-entry-content\">\n                        <div class=\"eael-grid-post-excerpt\"><p>C\u00f3mo recuper\u00e9 movilidad y bienestar con rehabilitaci\u00f3n de rodillas en...<\/p><a href=\"https:\/\/galleanosebastian.com.ar\/index.php\/2025\/08\/20\/rehabilitacion-de-rodillas-en-adultos-con-sobrepeso-y-dolor\/\" class=\"eael-post-elements-readmore-btn\">Read More<\/a><\/div>\n                    <\/div><div class=\"eael-entry-footer\"><div class=\"eael-author-avatar\"><a href=\"https:\/\/galleanosebastian.com.ar\/index.php\/author\/galleano-sebastian\/\"><img alt='galleano.sebastian' src='https:\/\/secure.gravatar.com\/avatar\/696976b010028a9cf4df4a37738269e5?s=96&#038;d=mm&#038;r=g' srcset='https:\/\/secure.gravatar.com\/avatar\/696976b010028a9cf4df4a37738269e5?s=192&#038;d=mm&#038;r=g 2x' class='avatar avatar-96 photo' height='96' width='96' \/><\/a><\/div><div class=\"eael-entry-meta\"><span class=\"eael-posted-by\"><a href=\"https:\/\/galleanosebastian.com.ar\/index.php\/author\/galleano-sebastian\/\" title=\"Entradas de galleano.sebastian\" rel=\"author\">galleano.sebastian<\/a><\/span><span class=\"eael-posted-on\"><time datetime=\"20 de agosto de 2025\">20 de agosto de 2025<\/time><\/span><\/div><\/div><\/div><\/div>\n        <\/div>\n    <\/article><article class=\"eael-grid-post eael-post-grid-column\" data-id=\"4749\">\n        <div class=\"eael-grid-post-holder\">\n            <div class=\"eael-grid-post-holder-inner\"><div class=\"eael-entry-media\"><div class=\"eael-entry-overlay fade-in\"><i class=\"fas fa-long-arrow-alt-right\" aria-hidden=\"true\"><\/i><a href=\"https:\/\/galleanosebastian.com.ar\/index.php\/2025\/07\/30\/fractura-de-muneca-en-adultos-mayores-como-recuperarse\/\"><\/a><\/div><div class=\"eael-entry-thumbnail \">\n                <img loading=\"lazy\" decoding=\"async\" width=\"300\" height=\"169\" src=\"https:\/\/galleanosebastian.com.ar\/wp-content\/uploads\/2025\/06\/1-4-300x169.jpg\" class=\"attachment-medium size-medium wp-image-4751\" alt=\"\" srcset=\"https:\/\/galleanosebastian.com.ar\/wp-content\/uploads\/2025\/06\/1-4-300x169.jpg 300w, https:\/\/galleanosebastian.com.ar\/wp-content\/uploads\/2025\/06\/1-4-1024x576.jpg 1024w, https:\/\/galleanosebastian.com.ar\/wp-content\/uploads\/2025\/06\/1-4-768x432.jpg 768w, https:\/\/galleanosebastian.com.ar\/wp-content\/uploads\/2025\/06\/1-4-1536x864.jpg 1536w, https:\/\/galleanosebastian.com.ar\/wp-content\/uploads\/2025\/06\/1-4.jpg 1920w\" sizes=\"(max-width: 300px) 100vw, 300px\" \/>\n            <\/div>\n        <\/div><div class=\"eael-entry-wrapper\"><header class=\"eael-entry-header\"><h6 class=\"eael-entry-title\"><a\n                        class=\"eael-grid-post-link\"\n                        href=\"https:\/\/galleanosebastian.com.ar\/index.php\/2025\/07\/30\/fractura-de-muneca-en-adultos-mayores-como-recuperarse\/\"\n                        title=\"Fractura de mu\u00f1eca en adultos mayores: c\u00f3mo recuperarse\">Fractura de mu\u00f1eca en adultos mayores: c\u00f3mo recuperarse<\/a><\/h6><\/header><div class=\"eael-entry-content\">\n                        <div class=\"eael-grid-post-excerpt\"><p>Fractura de mu\u00f1eca en adultos mayores: c\u00f3mo acompa\u00f1amos la recuperaci\u00f3n...<\/p><a href=\"https:\/\/galleanosebastian.com.ar\/index.php\/2025\/07\/30\/fractura-de-muneca-en-adultos-mayores-como-recuperarse\/\" class=\"eael-post-elements-readmore-btn\">Read More<\/a><\/div>\n                    <\/div><div class=\"eael-entry-footer\"><div class=\"eael-author-avatar\"><a href=\"https:\/\/galleanosebastian.com.ar\/index.php\/author\/galleano-sebastian\/\"><img alt='galleano.sebastian' src='https:\/\/secure.gravatar.com\/avatar\/696976b010028a9cf4df4a37738269e5?s=96&#038;d=mm&#038;r=g' srcset='https:\/\/secure.gravatar.com\/avatar\/696976b010028a9cf4df4a37738269e5?s=192&#038;d=mm&#038;r=g 2x' class='avatar avatar-96 photo' height='96' width='96' \/><\/a><\/div><div class=\"eael-entry-meta\"><span class=\"eael-posted-by\"><a href=\"https:\/\/galleanosebastian.com.ar\/index.php\/author\/galleano-sebastian\/\" title=\"Entradas de galleano.sebastian\" rel=\"author\">galleano.sebastian<\/a><\/span><span class=\"eael-posted-on\"><time datetime=\"30 de julio de 2025\">30 de julio de 2025<\/time><\/span><\/div><\/div><\/div><\/div>\n        <\/div>\n    <\/article><\/div>\n            <div class=\"clearfix\"><\/div>\n        <\/div>            <div class=\"eael-load-more-button-wrap eael-force-hide\">\n                <button class=\"eael-load-more-button\" id=\"eael-load-more-btn-2118113\" data-widget-id=\"2118113\" data-widget=\"2118113\" data-page-id=\"571\" data-template=\"{&quot;dir&quot;:&quot;lite&quot;,&quot;file_name&quot;:&quot;default.php&quot;,&quot;name&quot;:&quot;Post-Grid&quot;}\" data-class=\"Essential_Addons_Elementor\\Elements\\Post_Grid\" data-layout=\"masonry\" data-page=\"1\" data-args=\"orderby=date&amp;order=desc&amp;ignore_sticky_posts=1&amp;post_status=publish&amp;posts_per_page=4&amp;offset=0&amp;post_type=post\" data-max-page=\"42\">\n                    <span class=\"eael-btn-loader button__loader\"><\/span>\n                    <span class=\"eael_load_more_text\">Load More<\/span>\n                <\/button>\n            <\/div>\n            \t\t\t\t<\/div>\n\t\t\t\t<\/div>\n\t\t\t\t\t<\/div>\n\t\t\t\t<\/div>\n\t\t\t\t<\/div>\n\t\t","protected":false},"excerpt":{"rendered":"<p>Res\u00famenes de mis investigaciones cient\u00edficas A lo largo de mi carrera, la investigaci\u00f3n ha sido una herramienta fundamental para comprender mejor el cuerpo humano y optimizar los abordajes terap\u00e9uticos. Cada estudio, cada hallazgo, representa un paso m\u00e1s en el conocimiento aplicado a la kinesiolog\u00eda y fisiatr\u00eda. Pero la ciencia no solo se trata de descubrir, [&hellip;]<\/p>\n","protected":false},"author":1,"featured_media":0,"parent":0,"menu_order":0,"comment_status":"closed","ping_status":"closed","template":"","meta":{"site-sidebar-layout":"default","site-content-layout":"","ast-site-content-layout":"","site-content-style":"default","site-sidebar-style":"default","ast-global-header-display":"","ast-banner-title-visibility":"","ast-main-header-display":"","ast-hfb-above-header-display":"","ast-hfb-below-header-display":"","ast-hfb-mobile-header-display":"","site-post-title":"","ast-breadcrumbs-content":"","ast-featured-img":"","footer-sml-layout":"","theme-transparent-header-meta":"","adv-header-id-meta":"","stick-header-meta":"","header-above-stick-meta":"","header-main-stick-meta":"","header-below-stick-meta":"","astra-migrate-meta-layouts":"default","ast-page-background-enabled":"default","ast-page-background-meta":{"desktop":{"background-color":"var(--ast-global-color-4)","background-image":"","background-repeat":"repeat","background-position":"center center","background-size":"auto","background-attachment":"scroll","background-type":"","background-media":"","overlay-type":"","overlay-color":"","overlay-opacity":"","overlay-gradient":""},"tablet":{"background-color":"","background-image":"","background-repeat":"repeat","background-position":"center center","background-size":"auto","background-attachment":"scroll","background-type":"","background-media":"","overlay-type":"","overlay-color":"","overlay-opacity":"","overlay-gradient":""},"mobile":{"background-color":"","background-image":"","background-repeat":"repeat","background-position":"center center","background-size":"auto","background-attachment":"scroll","background-type":"","background-media":"","overlay-type":"","overlay-color":"","overlay-opacity":"","overlay-gradient":""}},"ast-content-background-meta":{"desktop":{"background-color":"var(--ast-global-color-5)","background-image":"","background-repeat":"repeat","background-position":"center center","background-size":"auto","background-attachment":"scroll","background-type":"","background-media":"","overlay-type":"","overlay-color":"","overlay-opacity":"","overlay-gradient":""},"tablet":{"background-color":"var(--ast-global-color-5)","background-image":"","background-repeat":"repeat","background-position":"center center","background-size":"auto","background-attachment":"scroll","background-type":"","background-media":"","overlay-type":"","overlay-color":"","overlay-opacity":"","overlay-gradient":""},"mobile":{"background-color":"var(--ast-global-color-5)","background-image":"","background-repeat":"repeat","background-position":"center center","background-size":"auto","background-attachment":"scroll","background-type":"","background-media":"","overlay-type":"","overlay-color":"","overlay-opacity":"","overlay-gradient":""}},"footnotes":""},"class_list":["post-571","page","type-page","status-publish","hentry"],"yoast_head":"<!-- This site is optimized with the Yoast SEO plugin v24.6 - https:\/\/yoast.com\/wordpress\/plugins\/seo\/ -->\n<title>Investigaciones Personales -<\/title>\n<meta name=\"robots\" content=\"index, follow, max-snippet:-1, max-image-preview:large, max-video-preview:-1\" \/>\n<link rel=\"canonical\" href=\"https:\/\/galleanosebastian.com.ar\/index.php\/papers\/\" \/>\n<meta property=\"og:locale\" content=\"es_ES\" \/>\n<meta property=\"og:type\" content=\"article\" \/>\n<meta property=\"og:title\" content=\"Investigaciones Personales -\" \/>\n<meta property=\"og:description\" content=\"Res\u00famenes de mis investigaciones cient\u00edficas A lo largo de mi carrera, la investigaci\u00f3n ha sido una herramienta fundamental para comprender mejor el cuerpo humano y optimizar los abordajes terap\u00e9uticos. Cada estudio, cada hallazgo, representa un paso m\u00e1s en el conocimiento aplicado a la kinesiolog\u00eda y fisiatr\u00eda. Pero la ciencia no solo se trata de descubrir, [&hellip;]\" \/>\n<meta property=\"og:url\" content=\"https:\/\/galleanosebastian.com.ar\/index.php\/papers\/\" \/>\n<meta property=\"article:modified_time\" content=\"2025-03-06T16:28:41+00:00\" \/>\n<meta property=\"og:image\" content=\"https:\/\/s.w.org\/images\/core\/emoji\/15.0.3\/svg\/1f4e9.svg\" \/>\n<meta name=\"twitter:card\" content=\"summary_large_image\" \/>\n<meta name=\"twitter:label1\" content=\"Tiempo de lectura\" \/>\n\t<meta name=\"twitter:data1\" content=\"18 minutos\" \/>\n<script type=\"application\/ld+json\" class=\"yoast-schema-graph\">{\"@context\":\"https:\/\/schema.org\",\"@graph\":[{\"@type\":\"WebPage\",\"@id\":\"https:\/\/galleanosebastian.com.ar\/index.php\/papers\/\",\"url\":\"https:\/\/galleanosebastian.com.ar\/index.php\/papers\/\",\"name\":\"Investigaciones Personales -\",\"isPartOf\":{\"@id\":\"https:\/\/galleanosebastian.com.ar\/#website\"},\"primaryImageOfPage\":{\"@id\":\"https:\/\/galleanosebastian.com.ar\/index.php\/papers\/#primaryimage\"},\"image\":{\"@id\":\"https:\/\/galleanosebastian.com.ar\/index.php\/papers\/#primaryimage\"},\"thumbnailUrl\":\"https:\/\/s.w.org\/images\/core\/emoji\/15.0.3\/svg\/1f4e9.svg\",\"datePublished\":\"2021-10-16T15:17:18+00:00\",\"dateModified\":\"2025-03-06T16:28:41+00:00\",\"breadcrumb\":{\"@id\":\"https:\/\/galleanosebastian.com.ar\/index.php\/papers\/#breadcrumb\"},\"inLanguage\":\"es\",\"potentialAction\":[{\"@type\":\"ReadAction\",\"target\":[\"https:\/\/galleanosebastian.com.ar\/index.php\/papers\/\"]}]},{\"@type\":\"ImageObject\",\"inLanguage\":\"es\",\"@id\":\"https:\/\/galleanosebastian.com.ar\/index.php\/papers\/#primaryimage\",\"url\":\"https:\/\/s.w.org\/images\/core\/emoji\/15.0.3\/svg\/1f4e9.svg\",\"contentUrl\":\"https:\/\/s.w.org\/images\/core\/emoji\/15.0.3\/svg\/1f4e9.svg\"},{\"@type\":\"BreadcrumbList\",\"@id\":\"https:\/\/galleanosebastian.com.ar\/index.php\/papers\/#breadcrumb\",\"itemListElement\":[{\"@type\":\"ListItem\",\"position\":1,\"name\":\"Home\",\"item\":\"https:\/\/galleanosebastian.com.ar\/\"},{\"@type\":\"ListItem\",\"position\":2,\"name\":\"Investigaciones Personales\"}]},{\"@type\":\"WebSite\",\"@id\":\"https:\/\/galleanosebastian.com.ar\/#website\",\"url\":\"https:\/\/galleanosebastian.com.ar\/\",\"name\":\"Sebasti\u00e1n Pablo Galleano\",\"description\":\"\",\"publisher\":{\"@id\":\"https:\/\/galleanosebastian.com.ar\/#\/schema\/person\/e9e053bc7d61b5b176e446bc0b052f9c\"},\"potentialAction\":[{\"@type\":\"SearchAction\",\"target\":{\"@type\":\"EntryPoint\",\"urlTemplate\":\"https:\/\/galleanosebastian.com.ar\/?s={search_term_string}\"},\"query-input\":{\"@type\":\"PropertyValueSpecification\",\"valueRequired\":true,\"valueName\":\"search_term_string\"}}],\"inLanguage\":\"es\"},{\"@type\":[\"Person\",\"Organization\"],\"@id\":\"https:\/\/galleanosebastian.com.ar\/#\/schema\/person\/e9e053bc7d61b5b176e446bc0b052f9c\",\"name\":\"galleano.sebastian\",\"image\":{\"@type\":\"ImageObject\",\"inLanguage\":\"es\",\"@id\":\"https:\/\/galleanosebastian.com.ar\/#\/schema\/person\/image\/\",\"url\":\"https:\/\/galleanosebastian.com.ar\/wp-content\/uploads\/2023\/11\/cropped-Diseno-sin-titulo-6.png\",\"contentUrl\":\"https:\/\/galleanosebastian.com.ar\/wp-content\/uploads\/2023\/11\/cropped-Diseno-sin-titulo-6.png\",\"width\":250,\"height\":117,\"caption\":\"galleano.sebastian\"},\"logo\":{\"@id\":\"https:\/\/galleanosebastian.com.ar\/#\/schema\/person\/image\/\"},\"sameAs\":[\"https:\/\/galleanosebastian.com.ar\"]}]}<\/script>\n<!-- \/ Yoast SEO plugin. -->","yoast_head_json":{"title":"Investigaciones Personales -","robots":{"index":"index","follow":"follow","max-snippet":"max-snippet:-1","max-image-preview":"max-image-preview:large","max-video-preview":"max-video-preview:-1"},"canonical":"https:\/\/galleanosebastian.com.ar\/index.php\/papers\/","og_locale":"es_ES","og_type":"article","og_title":"Investigaciones Personales -","og_description":"Res\u00famenes de mis investigaciones cient\u00edficas A lo largo de mi carrera, la investigaci\u00f3n ha sido una herramienta fundamental para comprender mejor el cuerpo humano y optimizar los abordajes terap\u00e9uticos. Cada estudio, cada hallazgo, representa un paso m\u00e1s en el conocimiento aplicado a la kinesiolog\u00eda y fisiatr\u00eda. Pero la ciencia no solo se trata de descubrir, [&hellip;]","og_url":"https:\/\/galleanosebastian.com.ar\/index.php\/papers\/","article_modified_time":"2025-03-06T16:28:41+00:00","og_image":[{"url":"https:\/\/s.w.org\/images\/core\/emoji\/15.0.3\/svg\/1f4e9.svg","type":"","width":"","height":""}],"twitter_card":"summary_large_image","twitter_misc":{"Tiempo de lectura":"18 minutos"},"schema":{"@context":"https:\/\/schema.org","@graph":[{"@type":"WebPage","@id":"https:\/\/galleanosebastian.com.ar\/index.php\/papers\/","url":"https:\/\/galleanosebastian.com.ar\/index.php\/papers\/","name":"Investigaciones Personales -","isPartOf":{"@id":"https:\/\/galleanosebastian.com.ar\/#website"},"primaryImageOfPage":{"@id":"https:\/\/galleanosebastian.com.ar\/index.php\/papers\/#primaryimage"},"image":{"@id":"https:\/\/galleanosebastian.com.ar\/index.php\/papers\/#primaryimage"},"thumbnailUrl":"https:\/\/s.w.org\/images\/core\/emoji\/15.0.3\/svg\/1f4e9.svg","datePublished":"2021-10-16T15:17:18+00:00","dateModified":"2025-03-06T16:28:41+00:00","breadcrumb":{"@id":"https:\/\/galleanosebastian.com.ar\/index.php\/papers\/#breadcrumb"},"inLanguage":"es","potentialAction":[{"@type":"ReadAction","target":["https:\/\/galleanosebastian.com.ar\/index.php\/papers\/"]}]},{"@type":"ImageObject","inLanguage":"es","@id":"https:\/\/galleanosebastian.com.ar\/index.php\/papers\/#primaryimage","url":"https:\/\/s.w.org\/images\/core\/emoji\/15.0.3\/svg\/1f4e9.svg","contentUrl":"https:\/\/s.w.org\/images\/core\/emoji\/15.0.3\/svg\/1f4e9.svg"},{"@type":"BreadcrumbList","@id":"https:\/\/galleanosebastian.com.ar\/index.php\/papers\/#breadcrumb","itemListElement":[{"@type":"ListItem","position":1,"name":"Home","item":"https:\/\/galleanosebastian.com.ar\/"},{"@type":"ListItem","position":2,"name":"Investigaciones Personales"}]},{"@type":"WebSite","@id":"https:\/\/galleanosebastian.com.ar\/#website","url":"https:\/\/galleanosebastian.com.ar\/","name":"Sebasti\u00e1n Pablo Galleano","description":"","publisher":{"@id":"https:\/\/galleanosebastian.com.ar\/#\/schema\/person\/e9e053bc7d61b5b176e446bc0b052f9c"},"potentialAction":[{"@type":"SearchAction","target":{"@type":"EntryPoint","urlTemplate":"https:\/\/galleanosebastian.com.ar\/?s={search_term_string}"},"query-input":{"@type":"PropertyValueSpecification","valueRequired":true,"valueName":"search_term_string"}}],"inLanguage":"es"},{"@type":["Person","Organization"],"@id":"https:\/\/galleanosebastian.com.ar\/#\/schema\/person\/e9e053bc7d61b5b176e446bc0b052f9c","name":"galleano.sebastian","image":{"@type":"ImageObject","inLanguage":"es","@id":"https:\/\/galleanosebastian.com.ar\/#\/schema\/person\/image\/","url":"https:\/\/galleanosebastian.com.ar\/wp-content\/uploads\/2023\/11\/cropped-Diseno-sin-titulo-6.png","contentUrl":"https:\/\/galleanosebastian.com.ar\/wp-content\/uploads\/2023\/11\/cropped-Diseno-sin-titulo-6.png","width":250,"height":117,"caption":"galleano.sebastian"},"logo":{"@id":"https:\/\/galleanosebastian.com.ar\/#\/schema\/person\/image\/"},"sameAs":["https:\/\/galleanosebastian.com.ar"]}]}},"_links":{"self":[{"href":"https:\/\/galleanosebastian.com.ar\/index.php\/wp-json\/wp\/v2\/pages\/571","targetHints":{"allow":["GET"]}}],"collection":[{"href":"https:\/\/galleanosebastian.com.ar\/index.php\/wp-json\/wp\/v2\/pages"}],"about":[{"href":"https:\/\/galleanosebastian.com.ar\/index.php\/wp-json\/wp\/v2\/types\/page"}],"author":[{"embeddable":true,"href":"https:\/\/galleanosebastian.com.ar\/index.php\/wp-json\/wp\/v2\/users\/1"}],"replies":[{"embeddable":true,"href":"https:\/\/galleanosebastian.com.ar\/index.php\/wp-json\/wp\/v2\/comments?post=571"}],"version-history":[{"count":45,"href":"https:\/\/galleanosebastian.com.ar\/index.php\/wp-json\/wp\/v2\/pages\/571\/revisions"}],"predecessor-version":[{"id":4546,"href":"https:\/\/galleanosebastian.com.ar\/index.php\/wp-json\/wp\/v2\/pages\/571\/revisions\/4546"}],"wp:attachment":[{"href":"https:\/\/galleanosebastian.com.ar\/index.php\/wp-json\/wp\/v2\/media?parent=571"}],"curies":[{"name":"wp","href":"https:\/\/api.w.org\/{rel}","templated":true}]}}